{"id":6069,"date":"2025-12-12T20:42:04","date_gmt":"2025-12-12T19:42:04","guid":{"rendered":"https:\/\/ohmysport.be\/?page_id=6069"},"modified":"2025-12-14T21:40:52","modified_gmt":"2025-12-14T20:40:52","slug":"stages-tamines-carnaval-2026-semaine-2","status":"publish","type":"page","link":"https:\/\/ohmysport.be\/index.php\/stages-tamines-carnaval-2026-semaine-2\/","title":{"rendered":"Stages Tamines 23\/02 AU 27\/02\/2026"},"content":{"rendered":"\t\t<div data-elementor-type=\"wp-page\" data-elementor-id=\"6069\" class=\"elementor elementor-6069\" data-elementor-settings=\"[]\">\n\t\t\t\t\t\t<div class=\"elementor-inner\">\n\t\t\t\t\t\t\t<div class=\"elementor-section-wrap\">\n\t\t\t\t\t\t\t<section class=\"elementor-section elementor-top-section elementor-element elementor-element-4c5714b elementor-section-boxed elementor-section-height-default elementor-section-height-default\" data-id=\"4c5714b\" data-element_type=\"section\">\n\t\t\t\t\t\t<div class=\"elementor-container elementor-column-gap-default\">\n\t\t\t\t\t\t\t<div class=\"elementor-row\">\n\t\t\t\t\t<div class=\"elementor-column elementor-col-100 elementor-top-column elementor-element elementor-element-565bbfc\" data-id=\"565bbfc\" data-element_type=\"column\">\n\t\t\t<div class=\"elementor-column-wrap elementor-element-populated\">\n\t\t\t\t\t\t\t<div class=\"elementor-widget-wrap\">\n\t\t\t\t\t\t<div class=\"elementor-element elementor-element-86ea933 elementor-widget elementor-widget-heading\" data-id=\"86ea933\" data-element_type=\"widget\" data-widget_type=\"heading.default\">\n\t\t\t\t<div class=\"elementor-widget-container\">\n\t\t\t<h1 class=\"elementor-heading-title elementor-size-default\">STAGES CARNAVAL du 23\/02 au 27\/02 2026 - Tamines<\/h1>\t\t<\/div>\n\t\t\t\t<\/div>\n\t\t\t\t\t\t<\/div>\n\t\t\t\t\t<\/div>\n\t\t<\/div>\n\t\t\t\t\t\t\t\t<\/div>\n\t\t\t\t\t<\/div>\n\t\t<\/section>\n\t\t\t\t<section class=\"elementor-section elementor-top-section elementor-element elementor-element-b538f7d elementor-section-boxed elementor-section-height-default elementor-section-height-default\" data-id=\"b538f7d\" data-element_type=\"section\">\n\t\t\t\t\t\t<div class=\"elementor-container elementor-column-gap-default\">\n\t\t\t\t\t\t\t<div class=\"elementor-row\">\n\t\t\t\t\t<div class=\"elementor-column elementor-col-100 elementor-top-column elementor-element elementor-element-717b809\" data-id=\"717b809\" data-element_type=\"column\">\n\t\t\t<div class=\"elementor-column-wrap elementor-element-populated\">\n\t\t\t\t\t\t\t<div class=\"elementor-widget-wrap\">\n\t\t\t\t\t\t<div class=\"elementor-element elementor-element-af4dee8 elementor-widget elementor-widget-text-editor\" data-id=\"af4dee8\" data-element_type=\"widget\" data-widget_type=\"text-editor.default\">\n\t\t\t\t<div class=\"elementor-widget-container\">\n\t\t\t\t\t\t\t\t<div class=\"elementor-text-editor elementor-clearfix\">\n\t\t\t\t<p><strong><em>Des stages remplis de sport, de rire, de d\u00e9couvertes et de surprises attendent vos champions de tout \u00e2ge !\u00a0<\/em><\/strong><\/p>\t\t\t\t\t<\/div>\n\t\t\t\t\t\t<\/div>\n\t\t\t\t<\/div>\n\t\t\t\t\t\t<\/div>\n\t\t\t\t\t<\/div>\n\t\t<\/div>\n\t\t\t\t\t\t\t\t<\/div>\n\t\t\t\t\t<\/div>\n\t\t<\/section>\n\t\t\t\t<section class=\"elementor-section elementor-top-section elementor-element elementor-element-eeb0864 elementor-section-boxed elementor-section-height-default elementor-section-height-default\" data-id=\"eeb0864\" data-element_type=\"section\">\n\t\t\t\t\t\t\t<div class=\"elementor-background-overlay\"><\/div>\n\t\t\t\t\t\t\t<div class=\"elementor-container elementor-column-gap-default\">\n\t\t\t\t\t\t\t<div class=\"elementor-row\">\n\t\t\t\t\t<div class=\"elementor-column elementor-col-100 elementor-top-column elementor-element elementor-element-a48755e\" data-id=\"a48755e\" data-element_type=\"column\">\n\t\t\t<div class=\"elementor-column-wrap elementor-element-populated\">\n\t\t\t\t\t\t\t<div class=\"elementor-widget-wrap\">\n\t\t\t\t\t\t<section class=\"elementor-section elementor-inner-section elementor-element elementor-element-99517b0 elementor-section-boxed elementor-section-height-default elementor-section-height-default\" data-id=\"99517b0\" data-element_type=\"section\">\n\t\t\t\t\t\t<div class=\"elementor-container elementor-column-gap-default\">\n\t\t\t\t\t\t\t<div class=\"elementor-row\">\n\t\t\t\t\t<div class=\"elementor-column elementor-col-50 elementor-inner-column elementor-element elementor-element-b7fe5dc\" data-id=\"b7fe5dc\" data-element_type=\"column\" data-settings=\"{&quot;background_background&quot;:&quot;classic&quot;}\">\n\t\t\t<div class=\"elementor-column-wrap elementor-element-populated\">\n\t\t\t\t\t\t\t<div class=\"elementor-widget-wrap\">\n\t\t\t\t\t\t<div class=\"elementor-element elementor-element-91fe4c5 elementor-widget elementor-widget-heading\" data-id=\"91fe4c5\" data-element_type=\"widget\" data-widget_type=\"heading.default\">\n\t\t\t\t<div class=\"elementor-widget-container\">\n\t\t\t<h2 class=\"elementor-heading-title elementor-size-default\">INFOS PRATIQUES<\/h2>\t\t<\/div>\n\t\t\t\t<\/div>\n\t\t\t\t<div class=\"elementor-element elementor-element-1c728be elementor-widget elementor-widget-text-editor\" data-id=\"1c728be\" data-element_type=\"widget\" data-widget_type=\"text-editor.default\">\n\t\t\t\t<div class=\"elementor-widget-container\">\n\t\t\t\t\t\t\t\t<div class=\"elementor-text-editor elementor-clearfix\">\n\t\t\t\t<p><em><strong>Quand<\/strong><strong> ?<\/strong><\/em> Les stages propos\u00e9s ci-dessous ont lieu du 23\/02 au 27\/02 (cong\u00e9 de Carnaval)<\/p><p><em><strong>Horaires ? <\/strong><\/em>Accueil des enfants d\u00e8s 8h30 (d\u00e9but des activit\u00e9s \u00e0 9h et fin des activit\u00e9s \u00e0 16h).<\/p><p><span style=\"font-size: 14px; font-style: normal; font-weight: 400;\">Possibilit\u00e9 de s&#8217;inscrire \u00e0 la garderie<\/span><span style=\"font-size: 14px; font-style: normal;\"><b> OFFERTE<\/b><\/span><span style=\"font-size: 14px; font-style: normal; font-weight: 400;\">.\u00a0 La garderie a lieu \u00e0 partir de 7h30 et jusque 17h30.<\/span><\/p><p><strong><em>O\u00f9 ?<\/em><\/strong> Rue du Coll\u00e8ge 27, 5060 Tamines (Ecole Saint Jean Baptiste)<\/p>\t\t\t\t\t<\/div>\n\t\t\t\t\t\t<\/div>\n\t\t\t\t<\/div>\n\t\t\t\t\t\t<\/div>\n\t\t\t\t\t<\/div>\n\t\t<\/div>\n\t\t\t\t<div class=\"elementor-column elementor-col-50 elementor-inner-column elementor-element elementor-element-c9a373c\" data-id=\"c9a373c\" data-element_type=\"column\">\n\t\t\t<div class=\"elementor-column-wrap elementor-element-populated\">\n\t\t\t\t\t\t\t<div class=\"elementor-widget-wrap\">\n\t\t\t\t\t\t<div class=\"elementor-element elementor-element-5692a0f elementor-widget elementor-widget-google_maps\" data-id=\"5692a0f\" data-element_type=\"widget\" data-widget_type=\"google_maps.default\">\n\t\t\t\t<div class=\"elementor-widget-container\">\n\t\t\t\t\t<div class=\"elementor-custom-embed\">\n\t\t\t<iframe frameborder=\"0\" scrolling=\"no\" marginheight=\"0\" marginwidth=\"0\"\n\t\t\t\t\tsrc=\"https:\/\/maps.google.com\/maps?q=Rue%20du%20Coll%C3%A8ge%2027%2C%205060%20Tamines&#038;t=m&#038;z=13&#038;output=embed&#038;iwloc=near\"\n\t\t\t\t\ttitle=\"Rue du Coll\u00e8ge 27, 5060 Tamines\"\n\t\t\t\t\taria-label=\"Rue du Coll\u00e8ge 27, 5060 Tamines\"\n\t\t\t><\/iframe>\n\t\t<\/div>\n\t\t\t\t<\/div>\n\t\t\t\t<\/div>\n\t\t\t\t<div class=\"elementor-element elementor-element-d75b3f8 elementor-widget elementor-widget-text-editor\" data-id=\"d75b3f8\" data-element_type=\"widget\" data-widget_type=\"text-editor.default\">\n\t\t\t\t<div class=\"elementor-widget-container\">\n\t\t\t\t\t\t\t\t<div class=\"elementor-text-editor elementor-clearfix\">\n\t\t\t\t<p>Une question ?\u00a0<br \/><span style=\"font-size: 22px; background-color: rgba(2, 1, 1, 0);\">brice@ohmysport.be \u2013 0472\/58.55.49<\/span><\/p>\t\t\t\t\t<\/div>\n\t\t\t\t\t\t<\/div>\n\t\t\t\t<\/div>\n\t\t\t\t\t\t<\/div>\n\t\t\t\t\t<\/div>\n\t\t<\/div>\n\t\t\t\t\t\t\t\t<\/div>\n\t\t\t\t\t<\/div>\n\t\t<\/section>\n\t\t\t\t<div class=\"elementor-element elementor-element-ce171ed elementor-widget-divider--view-line elementor-widget elementor-widget-divider\" data-id=\"ce171ed\" data-element_type=\"widget\" data-widget_type=\"divider.default\">\n\t\t\t\t<div class=\"elementor-widget-container\">\n\t\t\t\t\t<div class=\"elementor-divider\">\n\t\t\t<span class=\"elementor-divider-separator\">\n\t\t\t\t\t\t<\/span>\n\t\t<\/div>\n\t\t\t\t<\/div>\n\t\t\t\t<\/div>\n\t\t\t\t<div class=\"elementor-element elementor-element-72ed627 elementor-widget elementor-widget-heading\" data-id=\"72ed627\" data-element_type=\"widget\" data-widget_type=\"heading.default\">\n\t\t\t\t<div class=\"elementor-widget-container\">\n\t\t\t<h2 class=\"elementor-heading-title elementor-size-default\">Stage \"Les Petits Chefs de la Nature\" (2,5-5 ans) <\/h2>\t\t<\/div>\n\t\t\t\t<\/div>\n\t\t\t\t<section class=\"elementor-section elementor-inner-section elementor-element elementor-element-532f5a3 elementor-section-boxed elementor-section-height-default elementor-section-height-default\" data-id=\"532f5a3\" data-element_type=\"section\">\n\t\t\t\t\t\t<div class=\"elementor-container elementor-column-gap-default\">\n\t\t\t\t\t\t\t<div class=\"elementor-row\">\n\t\t\t\t\t<div class=\"elementor-column elementor-col-50 elementor-inner-column elementor-element elementor-element-c1c41fa\" data-id=\"c1c41fa\" data-element_type=\"column\" data-settings=\"{&quot;background_background&quot;:&quot;classic&quot;}\">\n\t\t\t<div class=\"elementor-column-wrap elementor-element-populated\">\n\t\t\t\t\t\t\t<div class=\"elementor-widget-wrap\">\n\t\t\t\t\t\t<div class=\"elementor-element elementor-element-7cd4673 elementor-widget elementor-widget-text-editor\" data-id=\"7cd4673\" data-element_type=\"widget\" data-widget_type=\"text-editor.default\">\n\t\t\t\t<div class=\"elementor-widget-container\">\n\t\t\t\t\t\t\t\t<div class=\"elementor-text-editor elementor-clearfix\">\n\t\t\t\t<p>Une aventure nature pour tous les petits explorateurs !<\/p>\t\t\t\t\t<\/div>\n\t\t\t\t\t\t<\/div>\n\t\t\t\t<\/div>\n\t\t\t\t<div class=\"elementor-element elementor-element-c372836 elementor-widget elementor-widget-heading\" data-id=\"c372836\" data-element_type=\"widget\" data-widget_type=\"heading.default\">\n\t\t\t\t<div class=\"elementor-widget-container\">\n\t\t\t<h2 class=\"elementor-heading-title elementor-size-default\">Au programme de la semaine :<\/h2>\t\t<\/div>\n\t\t\t\t<\/div>\n\t\t\t\t<div class=\"elementor-element elementor-element-a47ea53 elementor-widget elementor-widget-text-editor\" data-id=\"a47ea53\" data-element_type=\"widget\" data-widget_type=\"text-editor.default\">\n\t\t\t\t<div class=\"elementor-widget-container\">\n\t\t\t\t\t\t\t\t<div class=\"elementor-text-editor elementor-clearfix\">\n\t\t\t\t<ul><li>Un stage ludique m\u00ealant parcours moteurs inspir\u00e9s de la for\u00eat \ud83c\udf32, activit\u00e9s culinaires simples et gourmandes \ud83c\udf74 et cr\u00e9ations artistiques \u00e0 partir d\u2019\u00e9l\u00e9ments naturels \ud83c\udf43.<br \/>Parfait pour \u00e9veiller les sens, d\u00e9couvrir le plaisir de cuisiner et s\u2019amuser ! \u2728<\/li><\/ul>\t\t\t\t\t<\/div>\n\t\t\t\t\t\t<\/div>\n\t\t\t\t<\/div>\n\t\t\t\t<div class=\"elementor-element elementor-element-1cdab9f elementor-align-center elementor-widget elementor-widget-button\" data-id=\"1cdab9f\" data-element_type=\"widget\" data-widget_type=\"button.default\">\n\t\t\t\t<div class=\"elementor-widget-container\">\n\t\t\t\t\t<div class=\"elementor-button-wrapper\">\n\t\t\t<a href=\"https:\/\/forms.gle\/uoH88EgMP4pWzxhf7\" target=\"_blank\" class=\"elementor-button-link elementor-button elementor-size-sm\" role=\"button\">\n\t\t\t\t\t\t<span class=\"elementor-button-content-wrapper\">\n\t\t\t\t\t\t<span class=\"elementor-button-text\">Je m'inscris - 100\u20ac\/enfant<\/span>\n\t\t<\/span>\n\t\t\t\t\t<\/a>\n\t\t<\/div>\n\t\t\t\t<\/div>\n\t\t\t\t<\/div>\n\t\t\t\t\t\t<\/div>\n\t\t\t\t\t<\/div>\n\t\t<\/div>\n\t\t\t\t<div class=\"elementor-column elementor-col-50 elementor-inner-column elementor-element elementor-element-0a968a4\" data-id=\"0a968a4\" data-element_type=\"column\" data-settings=\"{&quot;background_background&quot;:&quot;classic&quot;}\">\n\t\t\t<div class=\"elementor-column-wrap elementor-element-populated\">\n\t\t\t\t\t\t\t<div class=\"elementor-widget-wrap\">\n\t\t\t\t\t\t<div class=\"elementor-element elementor-element-dfb75ca elementor-widget elementor-widget-heading\" data-id=\"dfb75ca\" data-element_type=\"widget\" data-widget_type=\"heading.default\">\n\t\t\t\t<div class=\"elementor-widget-container\">\n\t\t\t<h2 class=\"elementor-heading-title elementor-size-default\">Le + de nos stages :<\/h2>\t\t<\/div>\n\t\t\t\t<\/div>\n\t\t\t\t<div class=\"elementor-element elementor-element-bf05a4b elementor-widget elementor-widget-text-editor\" data-id=\"bf05a4b\" data-element_type=\"widget\" data-widget_type=\"text-editor.default\">\n\t\t\t\t<div class=\"elementor-widget-container\">\n\t\t\t\t\t\t\t\t<div class=\"elementor-text-editor elementor-clearfix\">\n\t\t\t\t<p>Endroits s\u00e9curis\u00e9s, salle de sport avec \u00e9quipement, activit\u00e9s ludiques et groupes de niveau adapt\u00e9s \u00e0 tous.<\/p>\t\t\t\t\t<\/div>\n\t\t\t\t\t\t<\/div>\n\t\t\t\t<\/div>\n\t\t\t\t<div class=\"elementor-element elementor-element-61978fb elementor-widget elementor-widget-image\" data-id=\"61978fb\" data-element_type=\"widget\" data-widget_type=\"image.default\">\n\t\t\t\t<div class=\"elementor-widget-container\">\n\t\t\t\t\t\t\t\t<div class=\"elementor-image\">\n\t\t\t\t\t\t\t\t\t\t\t\t<img decoding=\"async\" src=\"https:\/\/ohmysport.be\/wp-content\/uploads\/elementor\/thumbs\/Stages-3-qp4pikyn2lw37l1bqxqwbqe90aq7hu8vco0td6288o.jpeg\" title=\"Stages (3)\" alt=\"Stages (3)\" \/>\t\t\t\t\t\t\t\t\t\t\t\t\t\t<\/div>\n\t\t\t\t\t\t<\/div>\n\t\t\t\t<\/div>\n\t\t\t\t\t\t<\/div>\n\t\t\t\t\t<\/div>\n\t\t<\/div>\n\t\t\t\t\t\t\t\t<\/div>\n\t\t\t\t\t<\/div>\n\t\t<\/section>\n\t\t\t\t<div class=\"elementor-element elementor-element-5b23d7b elementor-widget elementor-widget-text-editor\" data-id=\"5b23d7b\" data-element_type=\"widget\" data-widget_type=\"text-editor.default\">\n\t\t\t\t<div class=\"elementor-widget-container\">\n\t\t\t\t\t\t\t\t<div class=\"elementor-text-editor elementor-clearfix\">\n\t\t\t\t<p><em>Ne manquez pas cette occasion de les voir s\u2019\u00e9panouir et s\u2019amuser dans un cadre bienveillant !<\/em><\/p>\t\t\t\t\t<\/div>\n\t\t\t\t\t\t<\/div>\n\t\t\t\t<\/div>\n\t\t\t\t<div class=\"elementor-element elementor-element-4bceb18 elementor-widget-divider--view-line elementor-widget elementor-widget-divider\" data-id=\"4bceb18\" data-element_type=\"widget\" data-widget_type=\"divider.default\">\n\t\t\t\t<div class=\"elementor-widget-container\">\n\t\t\t\t\t<div class=\"elementor-divider\">\n\t\t\t<span class=\"elementor-divider-separator\">\n\t\t\t\t\t\t<\/span>\n\t\t<\/div>\n\t\t\t\t<\/div>\n\t\t\t\t<\/div>\n\t\t\t\t<div class=\"elementor-element elementor-element-a711ef4 elementor-widget elementor-widget-heading\" data-id=\"a711ef4\" data-element_type=\"widget\" data-widget_type=\"heading.default\">\n\t\t\t\t<div class=\"elementor-widget-container\">\n\t\t\t<h2 class=\"elementor-heading-title elementor-size-default\">Stage \u201cLes sport trotteurs \u201d (5-9 ans)<\/h2>\t\t<\/div>\n\t\t\t\t<\/div>\n\t\t\t\t<section class=\"elementor-section elementor-inner-section elementor-element elementor-element-46f685e elementor-section-boxed elementor-section-height-default elementor-section-height-default\" data-id=\"46f685e\" data-element_type=\"section\">\n\t\t\t\t\t\t<div class=\"elementor-container elementor-column-gap-default\">\n\t\t\t\t\t\t\t<div class=\"elementor-row\">\n\t\t\t\t\t<div class=\"elementor-column elementor-col-50 elementor-inner-column elementor-element elementor-element-0021818\" data-id=\"0021818\" data-element_type=\"column\" data-settings=\"{&quot;background_background&quot;:&quot;classic&quot;}\">\n\t\t\t<div class=\"elementor-column-wrap elementor-element-populated\">\n\t\t\t\t\t\t\t<div class=\"elementor-widget-wrap\">\n\t\t\t\t\t\t<div class=\"elementor-element elementor-element-a2691dc elementor-widget elementor-widget-text-editor\" data-id=\"a2691dc\" data-element_type=\"widget\" data-widget_type=\"text-editor.default\">\n\t\t\t\t<div class=\"elementor-widget-container\">\n\t\t\t\t\t\t\t\t<div class=\"elementor-text-editor elementor-clearfix\">\n\t\t\t\t<p>\ud83c\udf0d Pr\u00eat(e) pour un tour du monde sportif inoubliable ? \u2728<\/p>\t\t\t\t\t<\/div>\n\t\t\t\t\t\t<\/div>\n\t\t\t\t<\/div>\n\t\t\t\t<div class=\"elementor-element elementor-element-01f4b94 elementor-widget elementor-widget-heading\" data-id=\"01f4b94\" data-element_type=\"widget\" data-widget_type=\"heading.default\">\n\t\t\t\t<div class=\"elementor-widget-container\">\n\t\t\t<h2 class=\"elementor-heading-title elementor-size-default\">Au programme de la semaine :<\/h2>\t\t<\/div>\n\t\t\t\t<\/div>\n\t\t\t\t<div class=\"elementor-element elementor-element-c0d1fa4 elementor-widget elementor-widget-text-editor\" data-id=\"c0d1fa4\" data-element_type=\"widget\" data-widget_type=\"text-editor.default\">\n\t\t\t\t<div class=\"elementor-widget-container\">\n\t\t\t\t\t\t\t\t<div class=\"elementor-text-editor elementor-clearfix\">\n\t\t\t\t<p>Le stage Les Petits Sports-Globe-Trotteurs emm\u00e8ne les enfants \u00e0 la d\u00e9couverte de diff\u00e9rents pays \u00e0 travers des jeux et activit\u00e9s inspir\u00e9s de leurs traditions sportives \ud83c\udde7\ud83c\uddf7\ud83c\uddef\ud83c\uddf5\ud83c\udde8\ud83c\udde6.<br \/>Un programme fun, dynamique et culturel pour bouger, voyager et s\u2019ouvrir au monde en s\u2019amusant ! \ud83d\ude04\ud83c\udfc3\u200d\u2642\ufe0f<\/p>\t\t\t\t\t<\/div>\n\t\t\t\t\t\t<\/div>\n\t\t\t\t<\/div>\n\t\t\t\t<div class=\"elementor-element elementor-element-fc1d7db elementor-align-center elementor-widget elementor-widget-button\" data-id=\"fc1d7db\" data-element_type=\"widget\" data-widget_type=\"button.default\">\n\t\t\t\t<div class=\"elementor-widget-container\">\n\t\t\t\t\t<div class=\"elementor-button-wrapper\">\n\t\t\t<a href=\"https:\/\/forms.gle\/uoH88EgMP4pWzxhf7\" target=\"_blank\" class=\"elementor-button-link elementor-button elementor-size-sm\" role=\"button\">\n\t\t\t\t\t\t<span class=\"elementor-button-content-wrapper\">\n\t\t\t\t\t\t<span class=\"elementor-button-text\">Je m'inscris - 100\u20ac\/enfant<\/span>\n\t\t<\/span>\n\t\t\t\t\t<\/a>\n\t\t<\/div>\n\t\t\t\t<\/div>\n\t\t\t\t<\/div>\n\t\t\t\t\t\t<\/div>\n\t\t\t\t\t<\/div>\n\t\t<\/div>\n\t\t\t\t<div class=\"elementor-column elementor-col-50 elementor-inner-column elementor-element elementor-element-568fbad\" data-id=\"568fbad\" data-element_type=\"column\" data-settings=\"{&quot;background_background&quot;:&quot;classic&quot;}\">\n\t\t\t<div class=\"elementor-column-wrap elementor-element-populated\">\n\t\t\t\t\t\t\t<div class=\"elementor-widget-wrap\">\n\t\t\t\t\t\t<div class=\"elementor-element elementor-element-0888614 elementor-widget elementor-widget-heading\" data-id=\"0888614\" data-element_type=\"widget\" data-widget_type=\"heading.default\">\n\t\t\t\t<div class=\"elementor-widget-container\">\n\t\t\t<h2 class=\"elementor-heading-title elementor-size-default\">Le + de nos stages :<\/h2>\t\t<\/div>\n\t\t\t\t<\/div>\n\t\t\t\t<div class=\"elementor-element elementor-element-2fcc0ce elementor-widget elementor-widget-text-editor\" data-id=\"2fcc0ce\" data-element_type=\"widget\" data-widget_type=\"text-editor.default\">\n\t\t\t\t<div class=\"elementor-widget-container\">\n\t\t\t\t\t\t\t\t<div class=\"elementor-text-editor elementor-clearfix\">\n\t\t\t\t<p>Endroits s\u00e9curis\u00e9s, salle de sport avec \u00e9quipement, activit\u00e9s ludiques et groupes de niveau adapt\u00e9s \u00e0 tous.<\/p>\t\t\t\t\t<\/div>\n\t\t\t\t\t\t<\/div>\n\t\t\t\t<\/div>\n\t\t\t\t<div class=\"elementor-element elementor-element-e742169 elementor-widget elementor-widget-image\" data-id=\"e742169\" data-element_type=\"widget\" data-widget_type=\"image.default\">\n\t\t\t\t<div class=\"elementor-widget-container\">\n\t\t\t\t\t\t\t\t<div class=\"elementor-image\">\n\t\t\t\t\t\t\t\t\t\t\t\t<img decoding=\"async\" src=\"https:\/\/ohmysport.be\/wp-content\/uploads\/elementor\/thumbs\/Stages-2-qp4pij2yoxtikd421wxn6qvbtizh2g1eoepuem50l4.jpeg\" title=\"Stages (2)\" alt=\"Stages (2)\" \/>\t\t\t\t\t\t\t\t\t\t\t\t\t\t<\/div>\n\t\t\t\t\t\t<\/div>\n\t\t\t\t<\/div>\n\t\t\t\t\t\t<\/div>\n\t\t\t\t\t<\/div>\n\t\t<\/div>\n\t\t\t\t\t\t\t\t<\/div>\n\t\t\t\t\t<\/div>\n\t\t<\/section>\n\t\t\t\t<div class=\"elementor-element elementor-element-3ce9ac1 elementor-widget elementor-widget-text-editor\" data-id=\"3ce9ac1\" data-element_type=\"widget\" data-widget_type=\"text-editor.default\">\n\t\t\t\t<div class=\"elementor-widget-container\">\n\t\t\t\t\t\t\t\t<div class=\"elementor-text-editor elementor-clearfix\">\n\t\t\t\t<p><em>Un stage de sport pas comme les autres : energie, fun et defis explosifs pour des vacances inoubliables !<\/em><\/p>\t\t\t\t\t<\/div>\n\t\t\t\t\t\t<\/div>\n\t\t\t\t<\/div>\n\t\t\t\t<div class=\"elementor-element elementor-element-573cb2e elementor-widget-divider--view-line elementor-widget elementor-widget-divider\" data-id=\"573cb2e\" data-element_type=\"widget\" data-widget_type=\"divider.default\">\n\t\t\t\t<div class=\"elementor-widget-container\">\n\t\t\t\t\t<div class=\"elementor-divider\">\n\t\t\t<span class=\"elementor-divider-separator\">\n\t\t\t\t\t\t<\/span>\n\t\t<\/div>\n\t\t\t\t<\/div>\n\t\t\t\t<\/div>\n\t\t\t\t<div class=\"elementor-element elementor-element-29a0828 elementor-widget elementor-widget-heading\" data-id=\"29a0828\" data-element_type=\"widget\" data-widget_type=\"heading.default\">\n\t\t\t\t<div class=\"elementor-widget-container\">\n\t\t\t<h2 class=\"elementor-heading-title elementor-size-default\">Stage \u201cAqua-Challenge & Biathlon Aventure \u201d (9\u201312 ans)<\/h2>\t\t<\/div>\n\t\t\t\t<\/div>\n\t\t\t\t<section class=\"elementor-section elementor-inner-section elementor-element elementor-element-5bee4a0 elementor-section-boxed elementor-section-height-default elementor-section-height-default\" data-id=\"5bee4a0\" data-element_type=\"section\">\n\t\t\t\t\t\t<div class=\"elementor-container elementor-column-gap-default\">\n\t\t\t\t\t\t\t<div class=\"elementor-row\">\n\t\t\t\t\t<div class=\"elementor-column elementor-col-50 elementor-inner-column elementor-element elementor-element-0b88793\" data-id=\"0b88793\" data-element_type=\"column\" data-settings=\"{&quot;background_background&quot;:&quot;classic&quot;}\">\n\t\t\t<div class=\"elementor-column-wrap elementor-element-populated\">\n\t\t\t\t\t\t\t<div class=\"elementor-widget-wrap\">\n\t\t\t\t\t\t<div class=\"elementor-element elementor-element-331ff6c elementor-widget elementor-widget-text-editor\" data-id=\"331ff6c\" data-element_type=\"widget\" data-widget_type=\"text-editor.default\">\n\t\t\t\t<div class=\"elementor-widget-container\">\n\t\t\t\t\t\t\t\t<div class=\"elementor-text-editor elementor-clearfix\">\n\t\t\t\t<p>\ud83c\udfaf\ud83c\udfca\u200d\u2642\ufe0f Pr\u00eats pour une aventure sportive et pleine d\u2019action ?<\/p>\t\t\t\t\t<\/div>\n\t\t\t\t\t\t<\/div>\n\t\t\t\t<\/div>\n\t\t\t\t<div class=\"elementor-element elementor-element-e7fc567 elementor-widget elementor-widget-heading\" data-id=\"e7fc567\" data-element_type=\"widget\" data-widget_type=\"heading.default\">\n\t\t\t\t<div class=\"elementor-widget-container\">\n\t\t\t<h2 class=\"elementor-heading-title elementor-size-default\">Au programme de la semaine :<\/h2>\t\t<\/div>\n\t\t\t\t<\/div>\n\t\t\t\t<div class=\"elementor-element elementor-element-7f73dd3 elementor-widget elementor-widget-text-editor\" data-id=\"7f73dd3\" data-element_type=\"widget\" data-widget_type=\"text-editor.default\">\n\t\t\t\t<div class=\"elementor-widget-container\">\n\t\t\t\t\t\t\t\t<div class=\"elementor-text-editor elementor-clearfix\">\n\t\t\t\t<ul><li>Le stage Aquatic Battle &amp; Biathlon Aventure propose aux enfants de 9 \u00e0 12 ans de combiner missions NERF strat\u00e9giques \ud83d\udd2b, apprentissage et perfectionnement en natation \ud83c\udf0a et \u00e9preuves de biathlon adapt\u00e9es \ud83c\udfaf.<br \/>Une semaine pour d\u00e9velopper endurance, pr\u00e9cision et esprit d\u2019\u00e9quipe tout en s\u2019amusant dans un cadre s\u00fbr et dynamique \ud83d\ude04\ud83d\udcaa.<\/li><\/ul>\t\t\t\t\t<\/div>\n\t\t\t\t\t\t<\/div>\n\t\t\t\t<\/div>\n\t\t\t\t<div class=\"elementor-element elementor-element-d1a9dc9 elementor-align-center elementor-widget elementor-widget-button\" data-id=\"d1a9dc9\" data-element_type=\"widget\" data-widget_type=\"button.default\">\n\t\t\t\t<div class=\"elementor-widget-container\">\n\t\t\t\t\t<div class=\"elementor-button-wrapper\">\n\t\t\t<a href=\"https:\/\/forms.gle\/uoH88EgMP4pWzxhf7\" target=\"_blank\" class=\"elementor-button-link elementor-button elementor-size-sm\" role=\"button\">\n\t\t\t\t\t\t<span class=\"elementor-button-content-wrapper\">\n\t\t\t\t\t\t<span class=\"elementor-button-text\">Je m'inscris - 100\u20ac\/enfant<\/span>\n\t\t<\/span>\n\t\t\t\t\t<\/a>\n\t\t<\/div>\n\t\t\t\t<\/div>\n\t\t\t\t<\/div>\n\t\t\t\t\t\t<\/div>\n\t\t\t\t\t<\/div>\n\t\t<\/div>\n\t\t\t\t<div class=\"elementor-column elementor-col-50 elementor-inner-column elementor-element elementor-element-e4d5189\" data-id=\"e4d5189\" data-element_type=\"column\" data-settings=\"{&quot;background_background&quot;:&quot;classic&quot;}\">\n\t\t\t<div class=\"elementor-column-wrap elementor-element-populated\">\n\t\t\t\t\t\t\t<div class=\"elementor-widget-wrap\">\n\t\t\t\t\t\t<div class=\"elementor-element elementor-element-c3f39de elementor-widget elementor-widget-heading\" data-id=\"c3f39de\" data-element_type=\"widget\" data-widget_type=\"heading.default\">\n\t\t\t\t<div class=\"elementor-widget-container\">\n\t\t\t<h2 class=\"elementor-heading-title elementor-size-default\">Le + de nos stages :<\/h2>\t\t<\/div>\n\t\t\t\t<\/div>\n\t\t\t\t<div class=\"elementor-element elementor-element-417cdec elementor-widget elementor-widget-text-editor\" data-id=\"417cdec\" data-element_type=\"widget\" data-widget_type=\"text-editor.default\">\n\t\t\t\t<div class=\"elementor-widget-container\">\n\t\t\t\t\t\t\t\t<div class=\"elementor-text-editor elementor-clearfix\">\n\t\t\t\t<p>Endroits s\u00e9curis\u00e9s, salle de sport avec \u00e9quipement, activit\u00e9s ludiques et groupes de niveau adapt\u00e9s \u00e0 tous.<\/p>\t\t\t\t\t<\/div>\n\t\t\t\t\t\t<\/div>\n\t\t\t\t<\/div>\n\t\t\t\t<div class=\"elementor-element elementor-element-789d620 elementor-widget elementor-widget-image\" data-id=\"789d620\" data-element_type=\"widget\" data-widget_type=\"image.default\">\n\t\t\t\t<div class=\"elementor-widget-container\">\n\t\t\t\t\t\t\t\t<div class=\"elementor-image\">\n\t\t\t\t\t\t\t\t\t\t\t\t<img decoding=\"async\" src=\"https:\/\/ohmysport.be\/wp-content\/uploads\/elementor\/thumbs\/Stages-5-qp4pimubg9ynusylfyk5gpx672gxx8gc0xbsbpzfw8.jpeg\" title=\"Stages (5)\" alt=\"Stages (5)\" \/>\t\t\t\t\t\t\t\t\t\t\t\t\t\t<\/div>\n\t\t\t\t\t\t<\/div>\n\t\t\t\t<\/div>\n\t\t\t\t<div class=\"elementor-element elementor-element-e5dfc3a elementor-widget elementor-widget-heading\" data-id=\"e5dfc3a\" data-element_type=\"widget\" data-widget_type=\"heading.default\">\n\t\t\t\t<div class=\"elementor-widget-container\">\n\t\t\t<h2 class=\"elementor-heading-title elementor-size-default\">Au programme de la semaine :<\/h2>\t\t<\/div>\n\t\t\t\t<\/div>\n\t\t\t\t\t\t<\/div>\n\t\t\t\t\t<\/div>\n\t\t<\/div>\n\t\t\t\t\t\t\t\t<\/div>\n\t\t\t\t\t<\/div>\n\t\t<\/section>\n\t\t\t\t<div class=\"elementor-element elementor-element-f0879ec elementor-widget elementor-widget-text-editor\" data-id=\"f0879ec\" data-element_type=\"widget\" data-widget_type=\"text-editor.default\">\n\t\t\t\t<div class=\"elementor-widget-container\">\n\t\t\t\t\t\t\t\t<div class=\"elementor-text-editor elementor-clearfix\">\n\t\t\t\t<p><em>Rester motive, se depasser, mais surtout s\u2019amuser ensemble !<\/em><\/p>\t\t\t\t\t<\/div>\n\t\t\t\t\t\t<\/div>\n\t\t\t\t<\/div>\n\t\t\t\t<div class=\"elementor-element elementor-element-2a7c7a0 elementor-widget-divider--view-line elementor-widget elementor-widget-divider\" data-id=\"2a7c7a0\" data-element_type=\"widget\" data-widget_type=\"divider.default\">\n\t\t\t\t<div class=\"elementor-widget-container\">\n\t\t\t\t\t<div class=\"elementor-divider\">\n\t\t\t<span class=\"elementor-divider-separator\">\n\t\t\t\t\t\t<\/span>\n\t\t<\/div>\n\t\t\t\t<\/div>\n\t\t\t\t<\/div>\n\t\t\t\t\t\t<\/div>\n\t\t\t\t\t<\/div>\n\t\t<\/div>\n\t\t\t\t\t\t\t\t<\/div>\n\t\t\t\t\t<\/div>\n\t\t<\/section>\n\t\t\t\t\t\t<\/div>\n\t\t\t\t\t\t<\/div>\n\t\t\t\t\t<\/div>\n\t\t","protected":false},"excerpt":{"rendered":"<p>STAGES CARNAVAL du 23\/02 au 27\/02 2026 &#8211; Tamines Des stages remplis de sport, de rire, de d\u00e9couvertes et de surprises attendent vos champions de tout \u00e2ge !\u00a0 INFOS PRATIQUES Quand ? Les stages propos\u00e9s ci-dessous ont lieu du 23\/02 au 27\/02 (cong\u00e9 de Carnaval) Horaires ? Accueil des enfants d\u00e8s 8h30 (d\u00e9but des activit\u00e9s &hellip;<\/p>\n<p class=\"read-more\"> <a class=\"\" href=\"https:\/\/ohmysport.be\/index.php\/stages-tamines-carnaval-2026-semaine-2\/\"> <span class=\"screen-reader-text\">Stages Tamines 23\/02 AU 27\/02\/2026<\/span> Lire la suite\u00a0\u00bb<\/a><\/p>\n","protected":false},"author":1,"featured_media":0,"parent":0,"menu_order":0,"comment_status":"closed","ping_status":"closed","template":"","meta":{"_monsterinsights_skip_tracking":false,"_monsterinsights_sitenote_active":false,"_monsterinsights_sitenote_note":"","_monsterinsights_sitenote_category":0,"site-sidebar-layout":"no-sidebar","site-content-layout":"page-builder","ast-main-header-display":"","ast-hfb-above-header-display":"","ast-hfb-below-header-display":"","ast-hfb-mobile-header-display":"","site-post-title":"disabled","ast-breadcrumbs-content":"","ast-featured-img":"disabled","footer-sml-layout":"","theme-transparent-header-meta":"default","adv-header-id-meta":"","stick-header-meta":"","header-above-stick-meta":"","header-main-stick-meta":"","header-below-stick-meta":"","footnotes":""},"class_list":["post-6069","page","type-page","status-publish","hentry"],"yoast_head":"<!-- This site is optimized with the Yoast SEO plugin v17.8 - https:\/\/yoast.com\/wordpress\/plugins\/seo\/ -->\n<title>Stages Tamines 23\/02 AU 27\/02\/2026 - Oh my sport<\/title>\n<meta name=\"robots\" content=\"index, follow, max-snippet:-1, max-image-preview:large, max-video-preview:-1\" \/>\n<link rel=\"canonical\" href=\"https:\/\/ohmysport.be\/index.php\/stages-tamines-carnaval-2026-semaine-2\/\" \/>\n<meta property=\"og:locale\" content=\"fr_FR\" \/>\n<meta property=\"og:type\" content=\"article\" \/>\n<meta property=\"og:title\" content=\"Stages Tamines 23\/02 AU 27\/02\/2026 - Oh my sport\" \/>\n<meta property=\"og:description\" content=\"STAGES CARNAVAL du 23\/02 au 27\/02 2026 &#8211; Tamines Des stages remplis de sport, de rire, de d\u00e9couvertes et de surprises attendent vos champions de tout \u00e2ge !\u00a0 INFOS PRATIQUES Quand ? Les stages propos\u00e9s ci-dessous ont lieu du 23\/02 au 27\/02 (cong\u00e9 de Carnaval) Horaires ? Accueil des enfants d\u00e8s 8h30 (d\u00e9but des activit\u00e9s &hellip; Stages Tamines 23\/02 AU 27\/02\/2026 Lire la suite\u00a0\u00bb\" \/>\n<meta property=\"og:url\" content=\"https:\/\/ohmysport.be\/index.php\/stages-tamines-carnaval-2026-semaine-2\/\" \/>\n<meta property=\"og:site_name\" content=\"Oh my sport\" \/>\n<meta property=\"article:modified_time\" content=\"2025-12-14T20:40:52+00:00\" \/>\n<meta property=\"og:image\" content=\"https:\/\/ohmysport.be\/wp-content\/uploads\/elementor\/thumbs\/Stages-3-qp4pikyn2lw37l1bqxqwbqe90aq7hu8vco0td6288o.jpeg\" \/>\n<meta name=\"twitter:card\" content=\"summary_large_image\" \/>\n<meta name=\"twitter:label1\" content=\"Dur\u00e9e de lecture estim\u00e9e\" \/>\n\t<meta name=\"twitter:data1\" content=\"4 minutes\" \/>\n<script type=\"application\/ld+json\" class=\"yoast-schema-graph\">{\"@context\":\"https:\/\/schema.org\",\"@graph\":[{\"@type\":\"WebSite\",\"@id\":\"https:\/\/ohmysport.be\/#website\",\"url\":\"https:\/\/ohmysport.be\/\",\"name\":\"Oh my sport\",\"description\":\"Du sport et du fun pour tous\",\"potentialAction\":[{\"@type\":\"SearchAction\",\"target\":{\"@type\":\"EntryPoint\",\"urlTemplate\":\"https:\/\/ohmysport.be\/?s={search_term_string}\"},\"query-input\":\"required name=search_term_string\"}],\"inLanguage\":\"fr-FR\"},{\"@type\":\"ImageObject\",\"@id\":\"https:\/\/ohmysport.be\/index.php\/stages-tamines-carnaval-2026-semaine-2\/#primaryimage\",\"inLanguage\":\"fr-FR\",\"url\":\"https:\/\/ohmysport.be\/wp-content\/uploads\/elementor\/thumbs\/Stages-3-qp4pikyn2lw37l1bqxqwbqe90aq7hu8vco0td6288o.jpeg\",\"contentUrl\":\"https:\/\/ohmysport.be\/wp-content\/uploads\/elementor\/thumbs\/Stages-3-qp4pikyn2lw37l1bqxqwbqe90aq7hu8vco0td6288o.jpeg\"},{\"@type\":\"WebPage\",\"@id\":\"https:\/\/ohmysport.be\/index.php\/stages-tamines-carnaval-2026-semaine-2\/#webpage\",\"url\":\"https:\/\/ohmysport.be\/index.php\/stages-tamines-carnaval-2026-semaine-2\/\",\"name\":\"Stages Tamines 23\/02 AU 27\/02\/2026 - Oh my sport\",\"isPartOf\":{\"@id\":\"https:\/\/ohmysport.be\/#website\"},\"primaryImageOfPage\":{\"@id\":\"https:\/\/ohmysport.be\/index.php\/stages-tamines-carnaval-2026-semaine-2\/#primaryimage\"},\"datePublished\":\"2025-12-12T19:42:04+00:00\",\"dateModified\":\"2025-12-14T20:40:52+00:00\",\"breadcrumb\":{\"@id\":\"https:\/\/ohmysport.be\/index.php\/stages-tamines-carnaval-2026-semaine-2\/#breadcrumb\"},\"inLanguage\":\"fr-FR\",\"potentialAction\":[{\"@type\":\"ReadAction\",\"target\":[\"https:\/\/ohmysport.be\/index.php\/stages-tamines-carnaval-2026-semaine-2\/\"]}]},{\"@type\":\"BreadcrumbList\",\"@id\":\"https:\/\/ohmysport.be\/index.php\/stages-tamines-carnaval-2026-semaine-2\/#breadcrumb\",\"itemListElement\":[{\"@type\":\"ListItem\",\"position\":1,\"name\":\"Accueil\",\"item\":\"https:\/\/ohmysport.be\/\"},{\"@type\":\"ListItem\",\"position\":2,\"name\":\"Stages Tamines 23\/02 AU 27\/02\/2026\"}]}]}<\/script>\n<!-- \/ Yoast SEO plugin. -->","yoast_head_json":{"title":"Stages Tamines 23\/02 AU 27\/02\/2026 - Oh my sport","robots":{"index":"index","follow":"follow","max-snippet":"max-snippet:-1","max-image-preview":"max-image-preview:large","max-video-preview":"max-video-preview:-1"},"canonical":"https:\/\/ohmysport.be\/index.php\/stages-tamines-carnaval-2026-semaine-2\/","og_locale":"fr_FR","og_type":"article","og_title":"Stages Tamines 23\/02 AU 27\/02\/2026 - Oh my sport","og_description":"STAGES CARNAVAL du 23\/02 au 27\/02 2026 &#8211; Tamines Des stages remplis de sport, de rire, de d\u00e9couvertes et de surprises attendent vos champions de tout \u00e2ge !\u00a0 INFOS PRATIQUES Quand ? Les stages propos\u00e9s ci-dessous ont lieu du 23\/02 au 27\/02 (cong\u00e9 de Carnaval) Horaires ? Accueil des enfants d\u00e8s 8h30 (d\u00e9but des activit\u00e9s &hellip; Stages Tamines 23\/02 AU 27\/02\/2026 Lire la suite\u00a0\u00bb","og_url":"https:\/\/ohmysport.be\/index.php\/stages-tamines-carnaval-2026-semaine-2\/","og_site_name":"Oh my sport","article_modified_time":"2025-12-14T20:40:52+00:00","og_image":[{"url":"https:\/\/ohmysport.be\/wp-content\/uploads\/elementor\/thumbs\/Stages-3-qp4pikyn2lw37l1bqxqwbqe90aq7hu8vco0td6288o.jpeg"}],"twitter_card":"summary_large_image","twitter_misc":{"Dur\u00e9e de lecture estim\u00e9e":"4 minutes"},"schema":{"@context":"https:\/\/schema.org","@graph":[{"@type":"WebSite","@id":"https:\/\/ohmysport.be\/#website","url":"https:\/\/ohmysport.be\/","name":"Oh my sport","description":"Du sport et du fun pour tous","potentialAction":[{"@type":"SearchAction","target":{"@type":"EntryPoint","urlTemplate":"https:\/\/ohmysport.be\/?s={search_term_string}"},"query-input":"required name=search_term_string"}],"inLanguage":"fr-FR"},{"@type":"ImageObject","@id":"https:\/\/ohmysport.be\/index.php\/stages-tamines-carnaval-2026-semaine-2\/#primaryimage","inLanguage":"fr-FR","url":"https:\/\/ohmysport.be\/wp-content\/uploads\/elementor\/thumbs\/Stages-3-qp4pikyn2lw37l1bqxqwbqe90aq7hu8vco0td6288o.jpeg","contentUrl":"https:\/\/ohmysport.be\/wp-content\/uploads\/elementor\/thumbs\/Stages-3-qp4pikyn2lw37l1bqxqwbqe90aq7hu8vco0td6288o.jpeg"},{"@type":"WebPage","@id":"https:\/\/ohmysport.be\/index.php\/stages-tamines-carnaval-2026-semaine-2\/#webpage","url":"https:\/\/ohmysport.be\/index.php\/stages-tamines-carnaval-2026-semaine-2\/","name":"Stages Tamines 23\/02 AU 27\/02\/2026 - Oh my sport","isPartOf":{"@id":"https:\/\/ohmysport.be\/#website"},"primaryImageOfPage":{"@id":"https:\/\/ohmysport.be\/index.php\/stages-tamines-carnaval-2026-semaine-2\/#primaryimage"},"datePublished":"2025-12-12T19:42:04+00:00","dateModified":"2025-12-14T20:40:52+00:00","breadcrumb":{"@id":"https:\/\/ohmysport.be\/index.php\/stages-tamines-carnaval-2026-semaine-2\/#breadcrumb"},"inLanguage":"fr-FR","potentialAction":[{"@type":"ReadAction","target":["https:\/\/ohmysport.be\/index.php\/stages-tamines-carnaval-2026-semaine-2\/"]}]},{"@type":"BreadcrumbList","@id":"https:\/\/ohmysport.be\/index.php\/stages-tamines-carnaval-2026-semaine-2\/#breadcrumb","itemListElement":[{"@type":"ListItem","position":1,"name":"Accueil","item":"https:\/\/ohmysport.be\/"},{"@type":"ListItem","position":2,"name":"Stages Tamines 23\/02 AU 27\/02\/2026"}]}]}},"_links":{"self":[{"href":"https:\/\/ohmysport.be\/index.php\/wp-json\/wp\/v2\/pages\/6069","targetHints":{"allow":["GET"]}}],"collection":[{"href":"https:\/\/ohmysport.be\/index.php\/wp-json\/wp\/v2\/pages"}],"about":[{"href":"https:\/\/ohmysport.be\/index.php\/wp-json\/wp\/v2\/types\/page"}],"author":[{"embeddable":true,"href":"https:\/\/ohmysport.be\/index.php\/wp-json\/wp\/v2\/users\/1"}],"replies":[{"embeddable":true,"href":"https:\/\/ohmysport.be\/index.php\/wp-json\/wp\/v2\/comments?post=6069"}],"version-history":[{"count":56,"href":"https:\/\/ohmysport.be\/index.php\/wp-json\/wp\/v2\/pages\/6069\/revisions"}],"predecessor-version":[{"id":6174,"href":"https:\/\/ohmysport.be\/index.php\/wp-json\/wp\/v2\/pages\/6069\/revisions\/6174"}],"wp:attachment":[{"href":"https:\/\/ohmysport.be\/index.php\/wp-json\/wp\/v2\/media?parent=6069"}],"curies":[{"name":"wp","href":"https:\/\/api.w.org\/{rel}","templated":true}]}}