{"id":6351,"date":"2026-02-17T19:41:24","date_gmt":"2026-02-17T18:41:24","guid":{"rendered":"https:\/\/ohmysport.be\/?page_id=6351"},"modified":"2026-02-19T11:06:19","modified_gmt":"2026-02-19T10:06:19","slug":"stages-tamines-paques-2026-27-04-au-01-05","status":"publish","type":"page","link":"https:\/\/ohmysport.be\/index.php\/stages-tamines-paques-2026-27-04-au-01-05\/","title":{"rendered":"Stages Tamines Paques 2026 (27\/04 au 01\/05)"},"content":{"rendered":"\t\t<div data-elementor-type=\"wp-page\" data-elementor-id=\"6351\" class=\"elementor elementor-6351\" data-elementor-settings=\"[]\">\n\t\t\t\t\t\t<div class=\"elementor-inner\">\n\t\t\t\t\t\t\t<div class=\"elementor-section-wrap\">\n\t\t\t\t\t\t\t<section class=\"elementor-section elementor-top-section elementor-element elementor-element-4c5714b elementor-section-boxed elementor-section-height-default elementor-section-height-default\" data-id=\"4c5714b\" data-element_type=\"section\">\n\t\t\t\t\t\t<div class=\"elementor-container elementor-column-gap-default\">\n\t\t\t\t\t\t\t<div class=\"elementor-row\">\n\t\t\t\t\t<div class=\"elementor-column elementor-col-100 elementor-top-column elementor-element elementor-element-565bbfc\" data-id=\"565bbfc\" data-element_type=\"column\">\n\t\t\t<div class=\"elementor-column-wrap elementor-element-populated\">\n\t\t\t\t\t\t\t<div class=\"elementor-widget-wrap\">\n\t\t\t\t\t\t<div class=\"elementor-element elementor-element-86ea933 elementor-widget elementor-widget-heading\" data-id=\"86ea933\" data-element_type=\"widget\" data-widget_type=\"heading.default\">\n\t\t\t\t<div class=\"elementor-widget-container\">\n\t\t\t<h1 class=\"elementor-heading-title elementor-size-default\">STAGES P\u00c2QUES du 27\/04 au 01\/05 2026 - Tamines<\/h1>\t\t<\/div>\n\t\t\t\t<\/div>\n\t\t\t\t\t\t<\/div>\n\t\t\t\t\t<\/div>\n\t\t<\/div>\n\t\t\t\t\t\t\t\t<\/div>\n\t\t\t\t\t<\/div>\n\t\t<\/section>\n\t\t\t\t<section class=\"elementor-section elementor-top-section elementor-element elementor-element-b538f7d elementor-section-boxed elementor-section-height-default elementor-section-height-default\" data-id=\"b538f7d\" data-element_type=\"section\">\n\t\t\t\t\t\t<div class=\"elementor-container elementor-column-gap-default\">\n\t\t\t\t\t\t\t<div class=\"elementor-row\">\n\t\t\t\t\t<div class=\"elementor-column elementor-col-100 elementor-top-column elementor-element elementor-element-717b809\" data-id=\"717b809\" data-element_type=\"column\">\n\t\t\t<div class=\"elementor-column-wrap elementor-element-populated\">\n\t\t\t\t\t\t\t<div class=\"elementor-widget-wrap\">\n\t\t\t\t\t\t<div class=\"elementor-element elementor-element-af4dee8 elementor-widget elementor-widget-text-editor\" data-id=\"af4dee8\" data-element_type=\"widget\" data-widget_type=\"text-editor.default\">\n\t\t\t\t<div class=\"elementor-widget-container\">\n\t\t\t\t\t\t\t\t<div class=\"elementor-text-editor elementor-clearfix\">\n\t\t\t\t<p><strong><em>Des stages remplis de sport, de rire, de d\u00e9couvertes et de surprises attendent vos champions de tout \u00e2ge !\u00a0<\/em><\/strong><\/p>\t\t\t\t\t<\/div>\n\t\t\t\t\t\t<\/div>\n\t\t\t\t<\/div>\n\t\t\t\t\t\t<\/div>\n\t\t\t\t\t<\/div>\n\t\t<\/div>\n\t\t\t\t\t\t\t\t<\/div>\n\t\t\t\t\t<\/div>\n\t\t<\/section>\n\t\t\t\t<section class=\"elementor-section elementor-top-section elementor-element elementor-element-eeb0864 elementor-section-boxed elementor-section-height-default elementor-section-height-default\" data-id=\"eeb0864\" data-element_type=\"section\">\n\t\t\t\t\t\t\t<div class=\"elementor-background-overlay\"><\/div>\n\t\t\t\t\t\t\t<div class=\"elementor-container elementor-column-gap-default\">\n\t\t\t\t\t\t\t<div class=\"elementor-row\">\n\t\t\t\t\t<div class=\"elementor-column elementor-col-100 elementor-top-column elementor-element elementor-element-a48755e\" data-id=\"a48755e\" data-element_type=\"column\">\n\t\t\t<div class=\"elementor-column-wrap elementor-element-populated\">\n\t\t\t\t\t\t\t<div class=\"elementor-widget-wrap\">\n\t\t\t\t\t\t<section class=\"elementor-section elementor-inner-section elementor-element elementor-element-99517b0 elementor-section-boxed elementor-section-height-default elementor-section-height-default\" data-id=\"99517b0\" data-element_type=\"section\">\n\t\t\t\t\t\t<div class=\"elementor-container elementor-column-gap-default\">\n\t\t\t\t\t\t\t<div class=\"elementor-row\">\n\t\t\t\t\t<div class=\"elementor-column elementor-col-50 elementor-inner-column elementor-element elementor-element-b7fe5dc\" data-id=\"b7fe5dc\" data-element_type=\"column\" data-settings=\"{&quot;background_background&quot;:&quot;classic&quot;}\">\n\t\t\t<div class=\"elementor-column-wrap elementor-element-populated\">\n\t\t\t\t\t\t\t<div class=\"elementor-widget-wrap\">\n\t\t\t\t\t\t<div class=\"elementor-element elementor-element-91fe4c5 elementor-widget elementor-widget-heading\" data-id=\"91fe4c5\" data-element_type=\"widget\" data-widget_type=\"heading.default\">\n\t\t\t\t<div class=\"elementor-widget-container\">\n\t\t\t<h2 class=\"elementor-heading-title elementor-size-default\">INFOS PRATIQUES<\/h2>\t\t<\/div>\n\t\t\t\t<\/div>\n\t\t\t\t<div class=\"elementor-element elementor-element-1c728be elementor-widget elementor-widget-text-editor\" data-id=\"1c728be\" data-element_type=\"widget\" data-widget_type=\"text-editor.default\">\n\t\t\t\t<div class=\"elementor-widget-container\">\n\t\t\t\t\t\t\t\t<div class=\"elementor-text-editor elementor-clearfix\">\n\t\t\t\t<p><em><strong>Quand<\/strong><strong> ?<\/strong><\/em> Les stages propos\u00e9s ci-dessous ont lieu du 27\/04 au 01\/05 (cong\u00e9 de P\u00e2ques)<\/p><p style=\"font-size: 16px; font-style: normal; font-weight: 400;\"><em style=\"font-size: 16px;\"><span style=\"font-size: 16px; font-weight: bold;\">Horaires ?\u00a0<\/span><\/em>Accueil des enfants d\u00e8s 8h30 (d\u00e9but des activit\u00e9s \u00e0 9h et fin des activit\u00e9s \u00e0 16h).<\/p><p style=\"font-size: 16px; font-style: normal; font-weight: 400;\"><span style=\"font-size: 14px; font-style: normal; font-weight: 400;\">Possibilit\u00e9 de s&#8217;inscrire \u00e0 la garderie<\/span><span style=\"font-size: 14px; font-style: normal;\"><span style=\"font-weight: bold;\">\u00a0OFFERTE<\/span><\/span><span style=\"font-size: 14px; font-style: normal; font-weight: 400;\">.\u00a0 La garderie a lieu \u00e0 partir de 7h30 et jusque 17h30.<\/span><\/p><p><span style=\"font-size: 16px; font-style: normal; background-color: rgba(251, 190, 71, 0); font-weight: bold;\"><em style=\"font-size: 16px;\">O\u00f9 ?<\/em><\/span><span style=\"font-size: 16px; font-style: normal; font-weight: 400; background-color: rgba(251, 190, 71, 0);\">\u00a0<\/span><span style=\"font-size: 16px; font-style: normal; font-weight: 400; background-color: rgba(251, 190, 71, 0);\">Rue du Coll\u00e8ge 27, 5060 Tamines (Ecole Saint Jean Baptiste)<\/span><\/p>\t\t\t\t\t<\/div>\n\t\t\t\t\t\t<\/div>\n\t\t\t\t<\/div>\n\t\t\t\t\t\t<\/div>\n\t\t\t\t\t<\/div>\n\t\t<\/div>\n\t\t\t\t<div class=\"elementor-column elementor-col-50 elementor-inner-column elementor-element elementor-element-c9a373c\" data-id=\"c9a373c\" data-element_type=\"column\">\n\t\t\t<div class=\"elementor-column-wrap elementor-element-populated\">\n\t\t\t\t\t\t\t<div class=\"elementor-widget-wrap\">\n\t\t\t\t\t\t<div class=\"elementor-element elementor-element-5692a0f elementor-widget elementor-widget-google_maps\" data-id=\"5692a0f\" data-element_type=\"widget\" data-widget_type=\"google_maps.default\">\n\t\t\t\t<div class=\"elementor-widget-container\">\n\t\t\t\t\t<div class=\"elementor-custom-embed\">\n\t\t\t<iframe frameborder=\"0\" scrolling=\"no\" marginheight=\"0\" marginwidth=\"0\"\n\t\t\t\t\tsrc=\"https:\/\/maps.google.com\/maps?q=Rue%20du%20Coll%C3%A8ge%2027%2C%205060%20Tamines&#038;t=m&#038;z=11&#038;output=embed&#038;iwloc=near\"\n\t\t\t\t\ttitle=\"Rue du Coll\u00e8ge 27, 5060 Tamines\"\n\t\t\t\t\taria-label=\"Rue du Coll\u00e8ge 27, 5060 Tamines\"\n\t\t\t><\/iframe>\n\t\t<\/div>\n\t\t\t\t<\/div>\n\t\t\t\t<\/div>\n\t\t\t\t<div class=\"elementor-element elementor-element-d75b3f8 elementor-widget elementor-widget-text-editor\" data-id=\"d75b3f8\" data-element_type=\"widget\" data-widget_type=\"text-editor.default\">\n\t\t\t\t<div class=\"elementor-widget-container\">\n\t\t\t\t\t\t\t\t<div class=\"elementor-text-editor elementor-clearfix\">\n\t\t\t\t<p><span style=\"font-size: 22px; font-style: normal; font-weight: 500;\">Une question ?\u00a0<\/span><br \/><span style=\"font-size: 22px; font-style: normal; font-weight: 500; background-color: rgba(2, 1, 1, 0);\">brice@ohmysport.be \u2013 0472\/58.55.49<\/span><\/p>\t\t\t\t\t<\/div>\n\t\t\t\t\t\t<\/div>\n\t\t\t\t<\/div>\n\t\t\t\t\t\t<\/div>\n\t\t\t\t\t<\/div>\n\t\t<\/div>\n\t\t\t\t\t\t\t\t<\/div>\n\t\t\t\t\t<\/div>\n\t\t<\/section>\n\t\t\t\t<div class=\"elementor-element elementor-element-ce171ed elementor-widget-divider--view-line elementor-widget elementor-widget-divider\" data-id=\"ce171ed\" data-element_type=\"widget\" data-widget_type=\"divider.default\">\n\t\t\t\t<div class=\"elementor-widget-container\">\n\t\t\t\t\t<div class=\"elementor-divider\">\n\t\t\t<span class=\"elementor-divider-separator\">\n\t\t\t\t\t\t<\/span>\n\t\t<\/div>\n\t\t\t\t<\/div>\n\t\t\t\t<\/div>\n\t\t\t\t<div class=\"elementor-element elementor-element-72ed627 elementor-widget elementor-widget-heading\" data-id=\"72ed627\" data-element_type=\"widget\" data-widget_type=\"heading.default\">\n\t\t\t\t<div class=\"elementor-widget-container\">\n\t\t\t<h2 class=\"elementor-heading-title elementor-size-default\">Les mini apprentis (2.5 \u2013 4 ans)<\/h2>\t\t<\/div>\n\t\t\t\t<\/div>\n\t\t\t\t<section class=\"elementor-section elementor-inner-section elementor-element elementor-element-532f5a3 elementor-section-boxed elementor-section-height-default elementor-section-height-default\" data-id=\"532f5a3\" data-element_type=\"section\">\n\t\t\t\t\t\t<div class=\"elementor-container elementor-column-gap-default\">\n\t\t\t\t\t\t\t<div class=\"elementor-row\">\n\t\t\t\t\t<div class=\"elementor-column elementor-col-50 elementor-inner-column elementor-element elementor-element-c1c41fa\" data-id=\"c1c41fa\" data-element_type=\"column\" data-settings=\"{&quot;background_background&quot;:&quot;classic&quot;}\">\n\t\t\t<div class=\"elementor-column-wrap elementor-element-populated\">\n\t\t\t\t\t\t\t<div class=\"elementor-widget-wrap\">\n\t\t\t\t\t\t<div class=\"elementor-element elementor-element-7cd4673 elementor-widget elementor-widget-text-editor\" data-id=\"7cd4673\" data-element_type=\"widget\" data-widget_type=\"text-editor.default\">\n\t\t\t\t<div class=\"elementor-widget-container\">\n\t\t\t\t\t\t\t\t<div class=\"elementor-text-editor elementor-clearfix\">\n\t\t\t\t<p>Cette semaine, les enfants de 3 ans deviennent de vrais petits h\u00e9ros du quotidien\u202f! \ud83d\udd28\ud83d\udc69\u200d\ud83c\udf73\ud83d\ude92<\/p>\t\t\t\t\t<\/div>\n\t\t\t\t\t\t<\/div>\n\t\t\t\t<\/div>\n\t\t\t\t<div class=\"elementor-element elementor-element-c372836 elementor-widget elementor-widget-heading\" data-id=\"c372836\" data-element_type=\"widget\" data-widget_type=\"heading.default\">\n\t\t\t\t<div class=\"elementor-widget-container\">\n\t\t\t<h2 class=\"elementor-heading-title elementor-size-default\">Au programme de la semaine :<\/h2>\t\t<\/div>\n\t\t\t\t<\/div>\n\t\t\t\t<div class=\"elementor-element elementor-element-b88c244 elementor-widget elementor-widget-text-editor\" data-id=\"b88c244\" data-element_type=\"widget\" data-widget_type=\"text-editor.default\">\n\t\t\t\t<div class=\"elementor-widget-container\">\n\t\t\t\t\t\t\t\t<div class=\"elementor-text-editor elementor-clearfix\">\n\t\t\t\t<p>Chaque jour, ils d\u00e9couvrent un m\u00e9tier diff\u00e9rent : boulanger, pompier, m\u00e9decin, facteur\u2026 et s\u2019amusent \u00e0 jouer, cr\u00e9er et relever de petites missions adapt\u00e9es \u00e0 leur \u00e2ge.<br \/>Parcours, bricolage, jeux de r\u00f4le et ateliers cr\u00e9atifs les attendent pour explorer le monde des m\u00e9tiers comme de vrais apprentis !<br \/>Fun, d\u00e9couvertes et imagination garanties pour nos petits travailleurs en herbe ! \ud83c\udf1f<\/p>\t\t\t\t\t<\/div>\n\t\t\t\t\t\t<\/div>\n\t\t\t\t<\/div>\n\t\t\t\t<div class=\"elementor-element elementor-element-1cdab9f elementor-align-center elementor-widget elementor-widget-button\" data-id=\"1cdab9f\" data-element_type=\"widget\" data-widget_type=\"button.default\">\n\t\t\t\t<div class=\"elementor-widget-container\">\n\t\t\t\t\t<div class=\"elementor-button-wrapper\">\n\t\t\t<a href=\"https:\/\/forms.gle\/4GJi35Wr6UT1ZXHG6\" target=\"_blank\" class=\"elementor-button-link elementor-button elementor-size-sm\" role=\"button\">\n\t\t\t\t\t\t<span class=\"elementor-button-content-wrapper\">\n\t\t\t\t\t\t<span class=\"elementor-button-text\">Je m'inscris - 100\u20ac\/enfant<\/span>\n\t\t<\/span>\n\t\t\t\t\t<\/a>\n\t\t<\/div>\n\t\t\t\t<\/div>\n\t\t\t\t<\/div>\n\t\t\t\t\t\t<\/div>\n\t\t\t\t\t<\/div>\n\t\t<\/div>\n\t\t\t\t<div class=\"elementor-column elementor-col-50 elementor-inner-column elementor-element elementor-element-0a968a4\" data-id=\"0a968a4\" data-element_type=\"column\" data-settings=\"{&quot;background_background&quot;:&quot;classic&quot;}\">\n\t\t\t<div class=\"elementor-column-wrap elementor-element-populated\">\n\t\t\t\t\t\t\t<div class=\"elementor-widget-wrap\">\n\t\t\t\t\t\t<div class=\"elementor-element elementor-element-dfb75ca elementor-widget elementor-widget-heading\" data-id=\"dfb75ca\" data-element_type=\"widget\" data-widget_type=\"heading.default\">\n\t\t\t\t<div class=\"elementor-widget-container\">\n\t\t\t<h2 class=\"elementor-heading-title elementor-size-default\">Le + de nos stages :<\/h2>\t\t<\/div>\n\t\t\t\t<\/div>\n\t\t\t\t<div class=\"elementor-element elementor-element-bf05a4b elementor-widget elementor-widget-text-editor\" data-id=\"bf05a4b\" data-element_type=\"widget\" data-widget_type=\"text-editor.default\">\n\t\t\t\t<div class=\"elementor-widget-container\">\n\t\t\t\t\t\t\t\t<div class=\"elementor-text-editor elementor-clearfix\">\n\t\t\t\t<p>Endroits s\u00e9curis\u00e9s, salle de sport avec \u00e9quipement, activit\u00e9s ludiques et groupes de niveau adapt\u00e9s \u00e0 tous.<\/p>\t\t\t\t\t<\/div>\n\t\t\t\t\t\t<\/div>\n\t\t\t\t<\/div>\n\t\t\t\t<div class=\"elementor-element elementor-element-61978fb elementor-widget elementor-widget-image\" data-id=\"61978fb\" data-element_type=\"widget\" data-widget_type=\"image.default\">\n\t\t\t\t<div class=\"elementor-widget-container\">\n\t\t\t\t\t\t\t\t<div class=\"elementor-image\">\n\t\t\t\t\t\t\t\t\t\t\t\t<img decoding=\"async\" src=\"https:\/\/ohmysport.be\/wp-content\/uploads\/elementor\/thumbs\/Stages-3-qp4pikyn2lw37l1bqxqwbqe90aq7hu8vco0td6288o.jpeg\" title=\"Stages (3)\" alt=\"Stages (3)\" \/>\t\t\t\t\t\t\t\t\t\t\t\t\t\t<\/div>\n\t\t\t\t\t\t<\/div>\n\t\t\t\t<\/div>\n\t\t\t\t\t\t<\/div>\n\t\t\t\t\t<\/div>\n\t\t<\/div>\n\t\t\t\t\t\t\t\t<\/div>\n\t\t\t\t\t<\/div>\n\t\t<\/section>\n\t\t\t\t<div class=\"elementor-element elementor-element-5b23d7b elementor-widget elementor-widget-text-editor\" data-id=\"5b23d7b\" data-element_type=\"widget\" data-widget_type=\"text-editor.default\">\n\t\t\t\t<div class=\"elementor-widget-container\">\n\t\t\t\t\t\t\t\t<div class=\"elementor-text-editor elementor-clearfix\">\n\t\t\t\t<p><em>Ne manquez pas cette occasion de les voir s\u2019\u00e9panouir et s\u2019amuser dans un cadre bienveillant !<\/em><\/p>\t\t\t\t\t<\/div>\n\t\t\t\t\t\t<\/div>\n\t\t\t\t<\/div>\n\t\t\t\t<div class=\"elementor-element elementor-element-4bceb18 elementor-widget-divider--view-line elementor-widget elementor-widget-divider\" data-id=\"4bceb18\" data-element_type=\"widget\" data-widget_type=\"divider.default\">\n\t\t\t\t<div class=\"elementor-widget-container\">\n\t\t\t\t\t<div class=\"elementor-divider\">\n\t\t\t<span class=\"elementor-divider-separator\">\n\t\t\t\t\t\t<\/span>\n\t\t<\/div>\n\t\t\t\t<\/div>\n\t\t\t\t<\/div>\n\t\t\t\t<div class=\"elementor-element elementor-element-a711ef4 elementor-widget elementor-widget-heading\" data-id=\"a711ef4\" data-element_type=\"widget\" data-widget_type=\"heading.default\">\n\t\t\t\t<div class=\"elementor-widget-container\">\n\t\t\t<h2 class=\"elementor-heading-title elementor-size-default\">Objectif 2 roues  (4-6 ans) <\/h2>\t\t<\/div>\n\t\t\t\t<\/div>\n\t\t\t\t<section class=\"elementor-section elementor-inner-section elementor-element elementor-element-46f685e elementor-section-boxed elementor-section-height-default elementor-section-height-default\" data-id=\"46f685e\" data-element_type=\"section\">\n\t\t\t\t\t\t<div class=\"elementor-container elementor-column-gap-default\">\n\t\t\t\t\t\t\t<div class=\"elementor-row\">\n\t\t\t\t\t<div class=\"elementor-column elementor-col-50 elementor-inner-column elementor-element elementor-element-0021818\" data-id=\"0021818\" data-element_type=\"column\" data-settings=\"{&quot;background_background&quot;:&quot;classic&quot;}\">\n\t\t\t<div class=\"elementor-column-wrap elementor-element-populated\">\n\t\t\t\t\t\t\t<div class=\"elementor-widget-wrap\">\n\t\t\t\t\t\t<div class=\"elementor-element elementor-element-a2691dc elementor-widget elementor-widget-text-editor\" data-id=\"a2691dc\" data-element_type=\"widget\" data-widget_type=\"text-editor.default\">\n\t\t\t\t<div class=\"elementor-widget-container\">\n\t\t\t\t\t\t\t\t<div class=\"elementor-text-editor elementor-clearfix\">\n\t\t\t\t<p>Objectif Deux Roues est un stage sportif pour les enfants de 4 \u00e0 6 ans qui souhaitent apprendre \u00e0 rouler sans petites roues ou gagner en assurance.<\/p>\t\t\t\t\t<\/div>\n\t\t\t\t\t\t<\/div>\n\t\t\t\t<\/div>\n\t\t\t\t<div class=\"elementor-element elementor-element-01f4b94 elementor-widget elementor-widget-heading\" data-id=\"01f4b94\" data-element_type=\"widget\" data-widget_type=\"heading.default\">\n\t\t\t\t<div class=\"elementor-widget-container\">\n\t\t\t<h2 class=\"elementor-heading-title elementor-size-default\">Au programme de la semaine :<\/h2>\t\t<\/div>\n\t\t\t\t<\/div>\n\t\t\t\t<div class=\"elementor-element elementor-element-c0d1fa4 elementor-widget elementor-widget-text-editor\" data-id=\"c0d1fa4\" data-element_type=\"widget\" data-widget_type=\"text-editor.default\">\n\t\t\t\t<div class=\"elementor-widget-container\">\n\t\t\t\t\t\t\t\t<div class=\"elementor-text-editor elementor-clearfix\">\n\t\t\t\t<p>Chaque jour, ils progressent gr\u00e2ce \u00e0 des ateliers techniques v\u00e9lo et des jeux sportifs vari\u00e9s pour d\u00e9velopper \u00e9quilibre et coordination.<br \/>En fin de semaine, les enfants auront le plaisir de pr\u00e9senter leurs progr\u00e8s lors d\u2019un petit spectacle \u00e0 v\u00e9lo devant leurs parents.\u00a0<img decoding=\"async\" class=\"emoji\" role=\"img\" draggable=\"false\" src=\"https:\/\/s.w.org\/images\/core\/emoji\/17.0.2\/svg\/1f6b4.svg\" alt=\"\ud83d\udeb4\" \/><\/p>\t\t\t\t\t<\/div>\n\t\t\t\t\t\t<\/div>\n\t\t\t\t<\/div>\n\t\t\t\t<div class=\"elementor-element elementor-element-fc1d7db elementor-align-center elementor-widget elementor-widget-button\" data-id=\"fc1d7db\" data-element_type=\"widget\" data-widget_type=\"button.default\">\n\t\t\t\t<div class=\"elementor-widget-container\">\n\t\t\t\t\t<div class=\"elementor-button-wrapper\">\n\t\t\t<a href=\"https:\/\/forms.gle\/4GJi35Wr6UT1ZXHG6\" target=\"_blank\" class=\"elementor-button-link elementor-button elementor-size-sm\" role=\"button\">\n\t\t\t\t\t\t<span class=\"elementor-button-content-wrapper\">\n\t\t\t\t\t\t<span class=\"elementor-button-text\">Je m'inscris - 100\u20ac\/enfant<\/span>\n\t\t<\/span>\n\t\t\t\t\t<\/a>\n\t\t<\/div>\n\t\t\t\t<\/div>\n\t\t\t\t<\/div>\n\t\t\t\t\t\t<\/div>\n\t\t\t\t\t<\/div>\n\t\t<\/div>\n\t\t\t\t<div class=\"elementor-column elementor-col-50 elementor-inner-column elementor-element elementor-element-568fbad\" data-id=\"568fbad\" data-element_type=\"column\" data-settings=\"{&quot;background_background&quot;:&quot;classic&quot;}\">\n\t\t\t<div class=\"elementor-column-wrap elementor-element-populated\">\n\t\t\t\t\t\t\t<div class=\"elementor-widget-wrap\">\n\t\t\t\t\t\t<div class=\"elementor-element elementor-element-0888614 elementor-widget elementor-widget-heading\" data-id=\"0888614\" data-element_type=\"widget\" data-widget_type=\"heading.default\">\n\t\t\t\t<div class=\"elementor-widget-container\">\n\t\t\t<h2 class=\"elementor-heading-title elementor-size-default\">Le + de nos stages :<\/h2>\t\t<\/div>\n\t\t\t\t<\/div>\n\t\t\t\t<div class=\"elementor-element elementor-element-2fcc0ce elementor-widget elementor-widget-text-editor\" data-id=\"2fcc0ce\" data-element_type=\"widget\" data-widget_type=\"text-editor.default\">\n\t\t\t\t<div class=\"elementor-widget-container\">\n\t\t\t\t\t\t\t\t<div class=\"elementor-text-editor elementor-clearfix\">\n\t\t\t\t<p>Endroits s\u00e9curis\u00e9s, salle de sport avec \u00e9quipement, activit\u00e9s ludiques et groupes de niveau adapt\u00e9s \u00e0 tous.<\/p>\t\t\t\t\t<\/div>\n\t\t\t\t\t\t<\/div>\n\t\t\t\t<\/div>\n\t\t\t\t<div class=\"elementor-element elementor-element-8551d0c elementor-widget elementor-widget-image\" data-id=\"8551d0c\" data-element_type=\"widget\" data-widget_type=\"image.default\">\n\t\t\t\t<div class=\"elementor-widget-container\">\n\t\t\t\t\t\t\t\t<div class=\"elementor-image\">\n\t\t\t\t\t\t\t\t\t\t\t\t<img decoding=\"async\" src=\"https:\/\/ohmysport.be\/wp-content\/uploads\/elementor\/thumbs\/Stages-1-qp4pii54i3s88r5f7ej0m93v8543uqxoca2cxc6erc.jpeg\" title=\"Stages (1)\" alt=\"Stages (1)\" \/>\t\t\t\t\t\t\t\t\t\t\t\t\t\t<\/div>\n\t\t\t\t\t\t<\/div>\n\t\t\t\t<\/div>\n\t\t\t\t\t\t<\/div>\n\t\t\t\t\t<\/div>\n\t\t<\/div>\n\t\t\t\t\t\t\t\t<\/div>\n\t\t\t\t\t<\/div>\n\t\t<\/section>\n\t\t\t\t<div class=\"elementor-element elementor-element-573cb2e elementor-widget-divider--view-line elementor-widget elementor-widget-divider\" data-id=\"573cb2e\" data-element_type=\"widget\" data-widget_type=\"divider.default\">\n\t\t\t\t<div class=\"elementor-widget-container\">\n\t\t\t\t\t<div class=\"elementor-divider\">\n\t\t\t<span class=\"elementor-divider-separator\">\n\t\t\t\t\t\t<\/span>\n\t\t<\/div>\n\t\t\t\t<\/div>\n\t\t\t\t<\/div>\n\t\t\t\t<div class=\"elementor-element elementor-element-29a0828 elementor-widget elementor-widget-heading\" data-id=\"29a0828\" data-element_type=\"widget\" data-widget_type=\"heading.default\">\n\t\t\t\t<div class=\"elementor-widget-container\">\n\t\t\t<h2 class=\"elementor-heading-title elementor-size-default\">Les petits pros du v\u00e9lo <\/h2>\t\t<\/div>\n\t\t\t\t<\/div>\n\t\t\t\t<section class=\"elementor-section elementor-inner-section elementor-element elementor-element-5bee4a0 elementor-section-boxed elementor-section-height-default elementor-section-height-default\" data-id=\"5bee4a0\" data-element_type=\"section\">\n\t\t\t\t\t\t<div class=\"elementor-container elementor-column-gap-default\">\n\t\t\t\t\t\t\t<div class=\"elementor-row\">\n\t\t\t\t\t<div class=\"elementor-column elementor-col-50 elementor-inner-column elementor-element elementor-element-0b88793\" data-id=\"0b88793\" data-element_type=\"column\" data-settings=\"{&quot;background_background&quot;:&quot;classic&quot;}\">\n\t\t\t<div class=\"elementor-column-wrap elementor-element-populated\">\n\t\t\t\t\t\t\t<div class=\"elementor-widget-wrap\">\n\t\t\t\t\t\t<div class=\"elementor-element elementor-element-331ff6c elementor-widget elementor-widget-text-editor\" data-id=\"331ff6c\" data-element_type=\"widget\" data-widget_type=\"text-editor.default\">\n\t\t\t\t<div class=\"elementor-widget-container\">\n\t\t\t\t\t\t\t\t<div class=\"elementor-text-editor elementor-clearfix\">\n\t\t\t\t<p>Les Petits Pro du V\u00e9lo est un stage pour les enfants qui savent d\u00e9j\u00e0 rouler \u00e0 deux roues et veulent perfectionner leur ma\u00eetrise. \ud83d\udeb4<\/p>\t\t\t\t\t<\/div>\n\t\t\t\t\t\t<\/div>\n\t\t\t\t<\/div>\n\t\t\t\t<div class=\"elementor-element elementor-element-e7fc567 elementor-widget elementor-widget-heading\" data-id=\"e7fc567\" data-element_type=\"widget\" data-widget_type=\"heading.default\">\n\t\t\t\t<div class=\"elementor-widget-container\">\n\t\t\t<h2 class=\"elementor-heading-title elementor-size-default\">Au programme de la semaine :<\/h2>\t\t<\/div>\n\t\t\t\t<\/div>\n\t\t\t\t<div class=\"elementor-element elementor-element-7f73dd3 elementor-widget elementor-widget-text-editor\" data-id=\"7f73dd3\" data-element_type=\"widget\" data-widget_type=\"text-editor.default\">\n\t\t\t\t<div class=\"elementor-widget-container\">\n\t\t\t\t\t\t\t\t<div class=\"elementor-text-editor elementor-clearfix\">\n\t\t\t\t<p>Au programme : ateliers techniques v\u00e9lo, sorties encadr\u00e9es sur route, d\u00e9couverte du code de la route, jeux sportifs vari\u00e9s et ateliers cuisine \u00e9quilibr\u00e9e.<br \/>En fin de semaine, les enfants pr\u00e9senteront leurs progr\u00e8s lors d\u2019un petit spectacle \u00e0 v\u00e9lo devant leurs parents. \ud83c\udf1f<\/p>\t\t\t\t\t<\/div>\n\t\t\t\t\t\t<\/div>\n\t\t\t\t<\/div>\n\t\t\t\t<div class=\"elementor-element elementor-element-d1a9dc9 elementor-align-center elementor-widget elementor-widget-button\" data-id=\"d1a9dc9\" data-element_type=\"widget\" data-widget_type=\"button.default\">\n\t\t\t\t<div class=\"elementor-widget-container\">\n\t\t\t\t\t<div class=\"elementor-button-wrapper\">\n\t\t\t<a href=\"https:\/\/forms.gle\/4GJi35Wr6UT1ZXHG6\" target=\"_blank\" class=\"elementor-button-link elementor-button elementor-size-sm\" role=\"button\">\n\t\t\t\t\t\t<span class=\"elementor-button-content-wrapper\">\n\t\t\t\t\t\t<span class=\"elementor-button-text\">Je m'inscris - 100\u20ac\/enfant<\/span>\n\t\t<\/span>\n\t\t\t\t\t<\/a>\n\t\t<\/div>\n\t\t\t\t<\/div>\n\t\t\t\t<\/div>\n\t\t\t\t\t\t<\/div>\n\t\t\t\t\t<\/div>\n\t\t<\/div>\n\t\t\t\t<div class=\"elementor-column elementor-col-50 elementor-inner-column elementor-element elementor-element-e4d5189\" data-id=\"e4d5189\" data-element_type=\"column\" data-settings=\"{&quot;background_background&quot;:&quot;classic&quot;}\">\n\t\t\t<div class=\"elementor-column-wrap elementor-element-populated\">\n\t\t\t\t\t\t\t<div class=\"elementor-widget-wrap\">\n\t\t\t\t\t\t<div class=\"elementor-element elementor-element-c3f39de elementor-widget elementor-widget-heading\" data-id=\"c3f39de\" data-element_type=\"widget\" data-widget_type=\"heading.default\">\n\t\t\t\t<div class=\"elementor-widget-container\">\n\t\t\t<h2 class=\"elementor-heading-title elementor-size-default\">Le + de nos stages :<\/h2>\t\t<\/div>\n\t\t\t\t<\/div>\n\t\t\t\t<div class=\"elementor-element elementor-element-417cdec elementor-widget elementor-widget-text-editor\" data-id=\"417cdec\" data-element_type=\"widget\" data-widget_type=\"text-editor.default\">\n\t\t\t\t<div class=\"elementor-widget-container\">\n\t\t\t\t\t\t\t\t<div class=\"elementor-text-editor elementor-clearfix\">\n\t\t\t\t<p>Endroits s\u00e9curis\u00e9s, salle de sport avec \u00e9quipement, activit\u00e9s ludiques et groupes de niveau adapt\u00e9s \u00e0 tous.<\/p>\t\t\t\t\t<\/div>\n\t\t\t\t\t\t<\/div>\n\t\t\t\t<\/div>\n\t\t\t\t<div class=\"elementor-element elementor-element-52f8bcd elementor-widget elementor-widget-image\" data-id=\"52f8bcd\" data-element_type=\"widget\" data-widget_type=\"image.default\">\n\t\t\t\t<div class=\"elementor-widget-container\">\n\t\t\t\t\t\t\t\t<div class=\"elementor-image\">\n\t\t\t\t\t\t\t\t\t\t\t\t<img decoding=\"async\" src=\"https:\/\/ohmysport.be\/wp-content\/uploads\/elementor\/thumbs\/WhatsApp-Image-2025-09-20-at-09.20.18-rc6wka2hf20e2rb6n7401m1nz2hefgfzu143dsfz94.jpeg\" title=\"WhatsApp Image 2025-09-20 at 09.20.18\" alt=\"WhatsApp Image 2025-09-20 at 09.20.18\" \/>\t\t\t\t\t\t\t\t\t\t\t\t\t\t<\/div>\n\t\t\t\t\t\t<\/div>\n\t\t\t\t<\/div>\n\t\t\t\t<div class=\"elementor-element elementor-element-e5dfc3a elementor-widget elementor-widget-heading\" data-id=\"e5dfc3a\" data-element_type=\"widget\" data-widget_type=\"heading.default\">\n\t\t\t\t<div class=\"elementor-widget-container\">\n\t\t\t<h2 class=\"elementor-heading-title elementor-size-default\">Au programme de la semaine :<\/h2>\t\t<\/div>\n\t\t\t\t<\/div>\n\t\t\t\t\t\t<\/div>\n\t\t\t\t\t<\/div>\n\t\t<\/div>\n\t\t\t\t\t\t\t\t<\/div>\n\t\t\t\t\t<\/div>\n\t\t<\/section>\n\t\t\t\t<div class=\"elementor-element elementor-element-e3c5264 elementor-widget-divider--view-line elementor-widget elementor-widget-divider\" data-id=\"e3c5264\" data-element_type=\"widget\" data-widget_type=\"divider.default\">\n\t\t\t\t<div class=\"elementor-widget-container\">\n\t\t\t\t\t<div class=\"elementor-divider\">\n\t\t\t<span class=\"elementor-divider-separator\">\n\t\t\t\t\t\t<\/span>\n\t\t<\/div>\n\t\t\t\t<\/div>\n\t\t\t\t<\/div>\n\t\t\t\t<div class=\"elementor-element elementor-element-2499983 elementor-widget elementor-widget-heading\" data-id=\"2499983\" data-element_type=\"widget\" data-widget_type=\"heading.default\">\n\t\t\t\t<div class=\"elementor-widget-container\">\n\t\t\t<h2 class=\"elementor-heading-title elementor-size-default\">Stage Fun Game et aventure (8-12 ans)\n<\/h2>\t\t<\/div>\n\t\t\t\t<\/div>\n\t\t\t\t<section class=\"elementor-section elementor-inner-section elementor-element elementor-element-91dcd90 elementor-section-boxed elementor-section-height-default elementor-section-height-default\" data-id=\"91dcd90\" data-element_type=\"section\">\n\t\t\t\t\t\t<div class=\"elementor-container elementor-column-gap-default\">\n\t\t\t\t\t\t\t<div class=\"elementor-row\">\n\t\t\t\t\t<div class=\"elementor-column elementor-col-50 elementor-inner-column elementor-element elementor-element-c0ba03f\" data-id=\"c0ba03f\" data-element_type=\"column\" data-settings=\"{&quot;background_background&quot;:&quot;classic&quot;}\">\n\t\t\t<div class=\"elementor-column-wrap elementor-element-populated\">\n\t\t\t\t\t\t\t<div class=\"elementor-widget-wrap\">\n\t\t\t\t\t\t<div class=\"elementor-element elementor-element-cae42d3 elementor-widget elementor-widget-text-editor\" data-id=\"cae42d3\" data-element_type=\"widget\" data-widget_type=\"text-editor.default\">\n\t\t\t\t<div class=\"elementor-widget-container\">\n\t\t\t\t\t\t\t\t<div class=\"elementor-text-editor elementor-clearfix\">\n\t\t\t\t\t\t\t\t\t<\/div>\n\t\t\t\t\t\t<\/div>\n\t\t\t\t<\/div>\n\t\t\t\t<div class=\"elementor-element elementor-element-c765c26 elementor-widget elementor-widget-heading\" data-id=\"c765c26\" data-element_type=\"widget\" data-widget_type=\"heading.default\">\n\t\t\t\t<div class=\"elementor-widget-container\">\n\t\t\t<h2 class=\"elementor-heading-title elementor-size-default\">Au programme de la semaine :<\/h2>\t\t<\/div>\n\t\t\t\t<\/div>\n\t\t\t\t<div class=\"elementor-element elementor-element-f35442d elementor-widget elementor-widget-text-editor\" data-id=\"f35442d\" data-element_type=\"widget\" data-widget_type=\"text-editor.default\">\n\t\t\t\t<div class=\"elementor-widget-container\">\n\t\t\t\t\t\t\t\t<div class=\"elementor-text-editor elementor-clearfix\">\n\t\t\t\t<p>Pr\u00eats pour une semaine pleine de fun et de d\u00e9fis\u202f? Entre parcours d\u2019agilit\u00e9, natation, padel, parcours gonflable et acrogym, les enfants de 8 \u00e0 12 ans vont bouger, s\u2019amuser et relever des d\u00e9fis tous les jours\u202f! Et pour finir en beaut\u00e9, ils pr\u00e9senteront un mini spectacle d\u2019acrogym \u00e0 leurs parents le vendredi.<br \/><br \/><\/p>\t\t\t\t\t<\/div>\n\t\t\t\t\t\t<\/div>\n\t\t\t\t<\/div>\n\t\t\t\t<div class=\"elementor-element elementor-element-ce2832c elementor-widget elementor-widget-text-editor\" data-id=\"ce2832c\" data-element_type=\"widget\" data-widget_type=\"text-editor.default\">\n\t\t\t\t<div class=\"elementor-widget-container\">\n\t\t\t\t\t\t\t\t<div class=\"elementor-text-editor elementor-clearfix\">\n\t\t\t\t<p>Bonus fun (suppl\u00e9ment 20\u20ac) : sauts g\u00e9ants au Jump XL \u00e0 Sambreville et missions en \u00e9quipe lors d\u2019un VRAI Laser Game<\/p>\t\t\t\t\t<\/div>\n\t\t\t\t\t\t<\/div>\n\t\t\t\t<\/div>\n\t\t\t\t<div class=\"elementor-element elementor-element-6d2fb99 elementor-align-center elementor-widget elementor-widget-button\" data-id=\"6d2fb99\" data-element_type=\"widget\" data-widget_type=\"button.default\">\n\t\t\t\t<div class=\"elementor-widget-container\">\n\t\t\t\t\t<div class=\"elementor-button-wrapper\">\n\t\t\t<a href=\"https:\/\/forms.gle\/4GJi35Wr6UT1ZXHG6\" target=\"_blank\" class=\"elementor-button-link elementor-button elementor-size-sm\" role=\"button\">\n\t\t\t\t\t\t<span class=\"elementor-button-content-wrapper\">\n\t\t\t\t\t\t<span class=\"elementor-button-text\">Je m'inscris - 100\u20ac\/enfant<\/span>\n\t\t<\/span>\n\t\t\t\t\t<\/a>\n\t\t<\/div>\n\t\t\t\t<\/div>\n\t\t\t\t<\/div>\n\t\t\t\t\t\t<\/div>\n\t\t\t\t\t<\/div>\n\t\t<\/div>\n\t\t\t\t<div class=\"elementor-column elementor-col-50 elementor-inner-column elementor-element elementor-element-3e48914\" data-id=\"3e48914\" data-element_type=\"column\" data-settings=\"{&quot;background_background&quot;:&quot;classic&quot;}\">\n\t\t\t<div class=\"elementor-column-wrap elementor-element-populated\">\n\t\t\t\t\t\t\t<div class=\"elementor-widget-wrap\">\n\t\t\t\t\t\t<div class=\"elementor-element elementor-element-407d685 elementor-widget elementor-widget-heading\" data-id=\"407d685\" data-element_type=\"widget\" data-widget_type=\"heading.default\">\n\t\t\t\t<div class=\"elementor-widget-container\">\n\t\t\t<h2 class=\"elementor-heading-title elementor-size-default\">Le + de nos stages :<\/h2>\t\t<\/div>\n\t\t\t\t<\/div>\n\t\t\t\t<div class=\"elementor-element elementor-element-58eb6ae elementor-widget elementor-widget-text-editor\" data-id=\"58eb6ae\" data-element_type=\"widget\" data-widget_type=\"text-editor.default\">\n\t\t\t\t<div class=\"elementor-widget-container\">\n\t\t\t\t\t\t\t\t<div class=\"elementor-text-editor elementor-clearfix\">\n\t\t\t\t<p>Endroits s\u00e9curis\u00e9s, salle de sport avec \u00e9quipement, activit\u00e9s ludiques et groupes de niveau adapt\u00e9s \u00e0 tous.<\/p>\t\t\t\t\t<\/div>\n\t\t\t\t\t\t<\/div>\n\t\t\t\t<\/div>\n\t\t\t\t<div class=\"elementor-element elementor-element-004365d elementor-widget elementor-widget-image\" data-id=\"004365d\" data-element_type=\"widget\" data-widget_type=\"image.default\">\n\t\t\t\t<div class=\"elementor-widget-container\">\n\t\t\t\t\t\t\t\t<div class=\"elementor-image\">\n\t\t\t\t\t\t\t\t\t\t\t\t<img decoding=\"async\" src=\"https:\/\/ohmysport.be\/wp-content\/uploads\/elementor\/thumbs\/medium-shot-happy-kids-with-prize-scaled-qj6bgfadptyzupw5ioewc93gtese9kdp62kkad9d88.jpg\" title=\"medium-shot-happy-kids-with-prize\" alt=\"medium-shot-happy-kids-with-prize\" \/>\t\t\t\t\t\t\t\t\t\t\t\t\t\t<\/div>\n\t\t\t\t\t\t<\/div>\n\t\t\t\t<\/div>\n\t\t\t\t<div class=\"elementor-element elementor-element-4168cc6 elementor-widget elementor-widget-heading\" data-id=\"4168cc6\" data-element_type=\"widget\" data-widget_type=\"heading.default\">\n\t\t\t\t<div class=\"elementor-widget-container\">\n\t\t\t<h2 class=\"elementor-heading-title elementor-size-default\">Au programme de la semaine :<\/h2>\t\t<\/div>\n\t\t\t\t<\/div>\n\t\t\t\t\t\t<\/div>\n\t\t\t\t\t<\/div>\n\t\t<\/div>\n\t\t\t\t\t\t\t\t<\/div>\n\t\t\t\t\t<\/div>\n\t\t<\/section>\n\t\t\t\t<div class=\"elementor-element elementor-element-2a7c7a0 elementor-widget-divider--view-line elementor-widget elementor-widget-divider\" data-id=\"2a7c7a0\" data-element_type=\"widget\" data-widget_type=\"divider.default\">\n\t\t\t\t<div class=\"elementor-widget-container\">\n\t\t\t\t\t<div class=\"elementor-divider\">\n\t\t\t<span class=\"elementor-divider-separator\">\n\t\t\t\t\t\t<\/span>\n\t\t<\/div>\n\t\t\t\t<\/div>\n\t\t\t\t<\/div>\n\t\t\t\t\t\t<\/div>\n\t\t\t\t\t<\/div>\n\t\t<\/div>\n\t\t\t\t\t\t\t\t<\/div>\n\t\t\t\t\t<\/div>\n\t\t<\/section>\n\t\t\t\t\t\t<\/div>\n\t\t\t\t\t\t<\/div>\n\t\t\t\t\t<\/div>\n\t\t","protected":false},"excerpt":{"rendered":"<p>STAGES P\u00c2QUES du 27\/04 au 01\/05 2026 &#8211; Tamines Des stages remplis de sport, de rire, de d\u00e9couvertes et de surprises attendent vos champions de tout \u00e2ge !\u00a0 INFOS PRATIQUES Quand ? Les stages propos\u00e9s ci-dessous ont lieu du 27\/04 au 01\/05 (cong\u00e9 de P\u00e2ques) Horaires ?\u00a0Accueil des enfants d\u00e8s 8h30 (d\u00e9but des activit\u00e9s \u00e0 &hellip;<\/p>\n<p class=\"read-more\"> <a class=\"\" href=\"https:\/\/ohmysport.be\/index.php\/stages-tamines-paques-2026-27-04-au-01-05\/\"> <span class=\"screen-reader-text\">Stages Tamines Paques 2026 (27\/04 au 01\/05)<\/span> Lire la suite\u00a0\u00bb<\/a><\/p>\n","protected":false},"author":1,"featured_media":0,"parent":0,"menu_order":0,"comment_status":"closed","ping_status":"closed","template":"","meta":{"_monsterinsights_skip_tracking":false,"_monsterinsights_sitenote_active":false,"_monsterinsights_sitenote_note":"","_monsterinsights_sitenote_category":0,"site-sidebar-layout":"no-sidebar","site-content-layout":"page-builder","ast-main-header-display":"","ast-hfb-above-header-display":"","ast-hfb-below-header-display":"","ast-hfb-mobile-header-display":"","site-post-title":"disabled","ast-breadcrumbs-content":"","ast-featured-img":"disabled","footer-sml-layout":"","theme-transparent-header-meta":"default","adv-header-id-meta":"","stick-header-meta":"","header-above-stick-meta":"","header-main-stick-meta":"","header-below-stick-meta":"","footnotes":""},"class_list":["post-6351","page","type-page","status-publish","hentry"],"yoast_head":"<!-- This site is optimized with the Yoast SEO plugin v17.8 - https:\/\/yoast.com\/wordpress\/plugins\/seo\/ -->\n<title>Stages Tamines Paques 2026 (27\/04 au 01\/05) - Oh my sport<\/title>\n<meta name=\"robots\" content=\"index, follow, max-snippet:-1, max-image-preview:large, max-video-preview:-1\" \/>\n<link rel=\"canonical\" href=\"https:\/\/ohmysport.be\/index.php\/stages-tamines-paques-2026-27-04-au-01-05\/\" \/>\n<meta property=\"og:locale\" content=\"fr_FR\" \/>\n<meta property=\"og:type\" content=\"article\" \/>\n<meta property=\"og:title\" content=\"Stages Tamines Paques 2026 (27\/04 au 01\/05) - Oh my sport\" \/>\n<meta property=\"og:description\" content=\"STAGES P\u00c2QUES du 27\/04 au 01\/05 2026 &#8211; Tamines Des stages remplis de sport, de rire, de d\u00e9couvertes et de surprises attendent vos champions de tout \u00e2ge !\u00a0 INFOS PRATIQUES Quand ? Les stages propos\u00e9s ci-dessous ont lieu du 27\/04 au 01\/05 (cong\u00e9 de P\u00e2ques) Horaires ?\u00a0Accueil des enfants d\u00e8s 8h30 (d\u00e9but des activit\u00e9s \u00e0 &hellip; Stages Tamines Paques 2026 (27\/04 au 01\/05) Lire la suite\u00a0\u00bb\" \/>\n<meta property=\"og:url\" content=\"https:\/\/ohmysport.be\/index.php\/stages-tamines-paques-2026-27-04-au-01-05\/\" \/>\n<meta property=\"og:site_name\" content=\"Oh my sport\" \/>\n<meta property=\"article:modified_time\" content=\"2026-02-19T10:06:19+00:00\" \/>\n<meta property=\"og:image\" content=\"https:\/\/ohmysport.be\/wp-content\/uploads\/elementor\/thumbs\/Stages-3-qp4pikyn2lw37l1bqxqwbqe90aq7hu8vco0td6288o.jpeg\" \/>\n<meta name=\"twitter:card\" content=\"summary_large_image\" \/>\n<meta name=\"twitter:label1\" content=\"Dur\u00e9e de lecture estim\u00e9e\" \/>\n\t<meta name=\"twitter:data1\" content=\"4 minutes\" \/>\n<script type=\"application\/ld+json\" class=\"yoast-schema-graph\">{\"@context\":\"https:\/\/schema.org\",\"@graph\":[{\"@type\":\"WebSite\",\"@id\":\"https:\/\/ohmysport.be\/#website\",\"url\":\"https:\/\/ohmysport.be\/\",\"name\":\"Oh my sport\",\"description\":\"Du sport et du fun pour tous\",\"potentialAction\":[{\"@type\":\"SearchAction\",\"target\":{\"@type\":\"EntryPoint\",\"urlTemplate\":\"https:\/\/ohmysport.be\/?s={search_term_string}\"},\"query-input\":\"required name=search_term_string\"}],\"inLanguage\":\"fr-FR\"},{\"@type\":\"ImageObject\",\"@id\":\"https:\/\/ohmysport.be\/index.php\/stages-tamines-paques-2026-27-04-au-01-05\/#primaryimage\",\"inLanguage\":\"fr-FR\",\"url\":\"https:\/\/ohmysport.be\/wp-content\/uploads\/elementor\/thumbs\/Stages-3-qp4pikyn2lw37l1bqxqwbqe90aq7hu8vco0td6288o.jpeg\",\"contentUrl\":\"https:\/\/ohmysport.be\/wp-content\/uploads\/elementor\/thumbs\/Stages-3-qp4pikyn2lw37l1bqxqwbqe90aq7hu8vco0td6288o.jpeg\"},{\"@type\":\"WebPage\",\"@id\":\"https:\/\/ohmysport.be\/index.php\/stages-tamines-paques-2026-27-04-au-01-05\/#webpage\",\"url\":\"https:\/\/ohmysport.be\/index.php\/stages-tamines-paques-2026-27-04-au-01-05\/\",\"name\":\"Stages Tamines Paques 2026 (27\/04 au 01\/05) - Oh my sport\",\"isPartOf\":{\"@id\":\"https:\/\/ohmysport.be\/#website\"},\"primaryImageOfPage\":{\"@id\":\"https:\/\/ohmysport.be\/index.php\/stages-tamines-paques-2026-27-04-au-01-05\/#primaryimage\"},\"datePublished\":\"2026-02-17T18:41:24+00:00\",\"dateModified\":\"2026-02-19T10:06:19+00:00\",\"breadcrumb\":{\"@id\":\"https:\/\/ohmysport.be\/index.php\/stages-tamines-paques-2026-27-04-au-01-05\/#breadcrumb\"},\"inLanguage\":\"fr-FR\",\"potentialAction\":[{\"@type\":\"ReadAction\",\"target\":[\"https:\/\/ohmysport.be\/index.php\/stages-tamines-paques-2026-27-04-au-01-05\/\"]}]},{\"@type\":\"BreadcrumbList\",\"@id\":\"https:\/\/ohmysport.be\/index.php\/stages-tamines-paques-2026-27-04-au-01-05\/#breadcrumb\",\"itemListElement\":[{\"@type\":\"ListItem\",\"position\":1,\"name\":\"Accueil\",\"item\":\"https:\/\/ohmysport.be\/\"},{\"@type\":\"ListItem\",\"position\":2,\"name\":\"Stages Tamines Paques 2026 (27\/04 au 01\/05)\"}]}]}<\/script>\n<!-- \/ Yoast SEO plugin. -->","yoast_head_json":{"title":"Stages Tamines Paques 2026 (27\/04 au 01\/05) - Oh my sport","robots":{"index":"index","follow":"follow","max-snippet":"max-snippet:-1","max-image-preview":"max-image-preview:large","max-video-preview":"max-video-preview:-1"},"canonical":"https:\/\/ohmysport.be\/index.php\/stages-tamines-paques-2026-27-04-au-01-05\/","og_locale":"fr_FR","og_type":"article","og_title":"Stages Tamines Paques 2026 (27\/04 au 01\/05) - Oh my sport","og_description":"STAGES P\u00c2QUES du 27\/04 au 01\/05 2026 &#8211; Tamines Des stages remplis de sport, de rire, de d\u00e9couvertes et de surprises attendent vos champions de tout \u00e2ge !\u00a0 INFOS PRATIQUES Quand ? Les stages propos\u00e9s ci-dessous ont lieu du 27\/04 au 01\/05 (cong\u00e9 de P\u00e2ques) Horaires ?\u00a0Accueil des enfants d\u00e8s 8h30 (d\u00e9but des activit\u00e9s \u00e0 &hellip; Stages Tamines Paques 2026 (27\/04 au 01\/05) Lire la suite\u00a0\u00bb","og_url":"https:\/\/ohmysport.be\/index.php\/stages-tamines-paques-2026-27-04-au-01-05\/","og_site_name":"Oh my sport","article_modified_time":"2026-02-19T10:06:19+00:00","og_image":[{"url":"https:\/\/ohmysport.be\/wp-content\/uploads\/elementor\/thumbs\/Stages-3-qp4pikyn2lw37l1bqxqwbqe90aq7hu8vco0td6288o.jpeg"}],"twitter_card":"summary_large_image","twitter_misc":{"Dur\u00e9e de lecture estim\u00e9e":"4 minutes"},"schema":{"@context":"https:\/\/schema.org","@graph":[{"@type":"WebSite","@id":"https:\/\/ohmysport.be\/#website","url":"https:\/\/ohmysport.be\/","name":"Oh my sport","description":"Du sport et du fun pour tous","potentialAction":[{"@type":"SearchAction","target":{"@type":"EntryPoint","urlTemplate":"https:\/\/ohmysport.be\/?s={search_term_string}"},"query-input":"required name=search_term_string"}],"inLanguage":"fr-FR"},{"@type":"ImageObject","@id":"https:\/\/ohmysport.be\/index.php\/stages-tamines-paques-2026-27-04-au-01-05\/#primaryimage","inLanguage":"fr-FR","url":"https:\/\/ohmysport.be\/wp-content\/uploads\/elementor\/thumbs\/Stages-3-qp4pikyn2lw37l1bqxqwbqe90aq7hu8vco0td6288o.jpeg","contentUrl":"https:\/\/ohmysport.be\/wp-content\/uploads\/elementor\/thumbs\/Stages-3-qp4pikyn2lw37l1bqxqwbqe90aq7hu8vco0td6288o.jpeg"},{"@type":"WebPage","@id":"https:\/\/ohmysport.be\/index.php\/stages-tamines-paques-2026-27-04-au-01-05\/#webpage","url":"https:\/\/ohmysport.be\/index.php\/stages-tamines-paques-2026-27-04-au-01-05\/","name":"Stages Tamines Paques 2026 (27\/04 au 01\/05) - Oh my sport","isPartOf":{"@id":"https:\/\/ohmysport.be\/#website"},"primaryImageOfPage":{"@id":"https:\/\/ohmysport.be\/index.php\/stages-tamines-paques-2026-27-04-au-01-05\/#primaryimage"},"datePublished":"2026-02-17T18:41:24+00:00","dateModified":"2026-02-19T10:06:19+00:00","breadcrumb":{"@id":"https:\/\/ohmysport.be\/index.php\/stages-tamines-paques-2026-27-04-au-01-05\/#breadcrumb"},"inLanguage":"fr-FR","potentialAction":[{"@type":"ReadAction","target":["https:\/\/ohmysport.be\/index.php\/stages-tamines-paques-2026-27-04-au-01-05\/"]}]},{"@type":"BreadcrumbList","@id":"https:\/\/ohmysport.be\/index.php\/stages-tamines-paques-2026-27-04-au-01-05\/#breadcrumb","itemListElement":[{"@type":"ListItem","position":1,"name":"Accueil","item":"https:\/\/ohmysport.be\/"},{"@type":"ListItem","position":2,"name":"Stages Tamines Paques 2026 (27\/04 au 01\/05)"}]}]}},"_links":{"self":[{"href":"https:\/\/ohmysport.be\/index.php\/wp-json\/wp\/v2\/pages\/6351","targetHints":{"allow":["GET"]}}],"collection":[{"href":"https:\/\/ohmysport.be\/index.php\/wp-json\/wp\/v2\/pages"}],"about":[{"href":"https:\/\/ohmysport.be\/index.php\/wp-json\/wp\/v2\/types\/page"}],"author":[{"embeddable":true,"href":"https:\/\/ohmysport.be\/index.php\/wp-json\/wp\/v2\/users\/1"}],"replies":[{"embeddable":true,"href":"https:\/\/ohmysport.be\/index.php\/wp-json\/wp\/v2\/comments?post=6351"}],"version-history":[{"count":58,"href":"https:\/\/ohmysport.be\/index.php\/wp-json\/wp\/v2\/pages\/6351\/revisions"}],"predecessor-version":[{"id":6457,"href":"https:\/\/ohmysport.be\/index.php\/wp-json\/wp\/v2\/pages\/6351\/revisions\/6457"}],"wp:attachment":[{"href":"https:\/\/ohmysport.be\/index.php\/wp-json\/wp\/v2\/media?parent=6351"}],"curies":[{"name":"wp","href":"https:\/\/api.w.org\/{rel}","templated":true}]}}